{"id":3669,"date":"2021-05-31T12:43:35","date_gmt":"2021-05-31T12:43:35","guid":{"rendered":"https:\/\/solheure.ch\/ueber-uns\/"},"modified":"2025-09-18T13:45:05","modified_gmt":"2025-09-18T13:45:05","slug":"nous","status":"publish","type":"page","link":"https:\/\/solheure.ch\/fr\/nous\/","title":{"rendered":"Nous"},"content":{"rendered":"","protected":false},"excerpt":{"rendered":"","protected":false},"author":1,"featured_media":0,"parent":0,"menu_order":54,"comment_status":"closed","ping_status":"closed","template":"views\/template-subpage.blade.php","meta":{"_acf_changed":false,"inline_featured_image":false},"class_list":["post-3669","page","type-page","status-publish","hentry"],"acf":{"text-header":{"text":"<h1>\u00dcber uns<\/h1>\n<p class=\"lead\">Wir sind Teil der Genossenschaft Baseltor, eine lokale Hotel- und Restaurantgruppe mit 120 Mitarbeitenden, die in Solothurn seit \u00fcber 40 Jahre Akzente und neue Massst\u00e4be setzt und bei welcher der Mensch und das Leben im Zentrum stehen.<\/p>\n<p>&nbsp;<\/p>\n<h2>Deine Gastgeber:innen<\/h2>\n<p>Gesch\u00e4ftsf\u00fchrerin Sabrina Knittel heisst Dich gemeinsam mit ihrem jungen Team, welches aus Vollzeit- wie auch Teilzeit-Mitarbeitenden besteht, im Solheure herzlich willkommen. Sie ist Deine Ansprechpartnerin in allgemeinen Belangen vom Haar in der Suppe bis zu Deiner Event-Idee. Planst Du einen Anlass, ein Ap\u00e9ro oder ein Bankett, dann setze Dich direkt mit Kathrin vom Event-Team in Verbindung.<\/p>\n"},"text_header":{"text-header":{"text":"<h1>\u00dcber uns<\/h1>\n<p class=\"lead\">Wir sind Teil der Genossenschaft Baseltor, eine lokale Hotel- und Restaurantgruppe mit 120 Mitarbeitenden, die in Solothurn seit \u00fcber 40 Jahre Akzente und neue Massst\u00e4be setzt und bei welcher der Mensch und das Leben im Zentrum stehen.<\/p>\n<p>&nbsp;<\/p>\n<h2>Deine Gastgeber:innen<\/h2>\n<p>Gesch\u00e4ftsf\u00fchrerin Sabrina Knittel heisst Dich gemeinsam mit ihrem jungen Team, welches aus Vollzeit- wie auch Teilzeit-Mitarbeitenden besteht, im Solheure herzlich willkommen. Sie ist Deine Ansprechpartnerin in allgemeinen Belangen vom Haar in der Suppe bis zu Deiner Event-Idee. Planst Du einen Anlass, ein Ap\u00e9ro oder ein Bankett, dann setze Dich direkt mit Kathrin vom Event-Team in Verbindung.<\/p>\n"}},"elements":[{"acf_fc_layout":"link-teaser","link-teaser":{"":null,"teaser_per_row":false,"lead":"","teasers":[{"tagline":"Co-direction","title":"Sabrina","image":{"ID":5777,"id":5777,"title":"solheur_portraits_full_04-1-aspect-ratio-509-352","filename":"solheur_portraits_full_04-1-aspect-ratio-509-352-3.jpg","filesize":312329,"url":"https:\/\/solheure.ch\/app\/uploads\/2025\/05\/solheur_portraits_full_04-1-aspect-ratio-509-352-3.jpg","link":"https:\/\/solheure.ch\/fr\/nous\/solheur_portraits_full_04-1-aspect-ratio-509-352\/","alt":"","author":"1","description":"","caption":"","name":"solheur_portraits_full_04-1-aspect-ratio-509-352","status":"inherit","uploaded_to":3669,"date":"2025-05-16 15:42:22","modified":"2025-05-16 15:46:04","menu_order":0,"mime_type":"image\/jpeg","type":"image","subtype":"jpeg","icon":"https:\/\/solheure.ch\/wp\/wp-includes\/images\/media\/default.png","width":1247,"height":862,"sizes":{"thumbnail":"https:\/\/solheure.ch\/app\/uploads\/2025\/05\/solheur_portraits_full_04-1-aspect-ratio-509-352-3-150x150.jpg","thumbnail-width":150,"thumbnail-height":150,"medium":"https:\/\/solheure.ch\/app\/uploads\/2025\/05\/solheur_portraits_full_04-1-aspect-ratio-509-352-3-300x207.jpg","medium-width":300,"medium-height":207,"medium_large":"https:\/\/solheure.ch\/app\/uploads\/2025\/05\/solheur_portraits_full_04-1-aspect-ratio-509-352-3-768x531.jpg","medium_large-width":768,"medium_large-height":531,"large":"https:\/\/solheure.ch\/app\/uploads\/2025\/05\/solheur_portraits_full_04-1-aspect-ratio-509-352-3-1024x708.jpg","large-width":1024,"large-height":708,"1536x1536":"https:\/\/solheure.ch\/app\/uploads\/2025\/05\/solheur_portraits_full_04-1-aspect-ratio-509-352-3.jpg","1536x1536-width":1247,"1536x1536-height":862,"2048x2048":"https:\/\/solheure.ch\/app\/uploads\/2025\/05\/solheur_portraits_full_04-1-aspect-ratio-509-352-3.jpg","2048x2048-width":1247,"2048x2048-height":862},"original_image":{"ID":5217,"id":5217,"title":"solheur_portraits_full_04","filename":"solheur_portraits_full_04-1.jpg","filesize":594986,"url":"https:\/\/solheure.ch\/app\/uploads\/2025\/05\/solheur_portraits_full_04-1.jpg","link":"https:\/\/solheure.ch\/fr\/nous\/solheur_portraits_full_04-2-2\/","alt":"","author":"1","description":"","caption":"","name":"solheur_portraits_full_04-2-2","status":"inherit","uploaded_to":3669,"date":"2025-05-14 13:44:23","modified":"2025-05-14 13:44:23","menu_order":0,"mime_type":"image\/jpeg","type":"image","subtype":"jpeg","icon":"https:\/\/solheure.ch\/wp\/wp-includes\/images\/media\/default.png","width":1707,"height":2560,"sizes":{"thumbnail":"https:\/\/solheure.ch\/app\/uploads\/2025\/05\/solheur_portraits_full_04-1-150x150.jpg","thumbnail-width":150,"thumbnail-height":150,"medium":"https:\/\/solheure.ch\/app\/uploads\/2025\/05\/solheur_portraits_full_04-1-200x300.jpg","medium-width":200,"medium-height":300,"medium_large":"https:\/\/solheure.ch\/app\/uploads\/2025\/05\/solheur_portraits_full_04-1-768x1152.jpg","medium_large-width":768,"medium_large-height":1152,"large":"https:\/\/solheure.ch\/app\/uploads\/2025\/05\/solheur_portraits_full_04-1-683x1024.jpg","large-width":683,"large-height":1024,"1536x1536":"https:\/\/solheure.ch\/app\/uploads\/2025\/05\/solheur_portraits_full_04-1-1024x1536.jpg","1536x1536-width":1024,"1536x1536-height":1536,"2048x2048":"https:\/\/solheure.ch\/app\/uploads\/2025\/05\/solheur_portraits_full_04-1-1366x2048.jpg","2048x2048-width":1366,"2048x2048-height":2048}}},"text":"<p>Sabrina, co-directrice de Solheure, te souhaite la bienvenue avec sa jeune \u00e9quipe de collaborateurs \u00e0 temps plein et \u00e0 temps partiel.<\/p>\n","link":{"title":"E-Mail","url":"mailto:knittel@solheure.ch","target":""}},{"tagline":"Co-direction","title":"Mathias","image":{"ID":5780,"id":5780,"title":"solheur_portraits_full_05-aspect-ratio-509-352","filename":"solheur_portraits_full_05-aspect-ratio-509-352-3.jpg","filesize":169812,"url":"https:\/\/solheure.ch\/app\/uploads\/2025\/05\/solheur_portraits_full_05-aspect-ratio-509-352-3.jpg","link":"https:\/\/solheure.ch\/fr\/nous\/solheur_portraits_full_05-aspect-ratio-509-352\/","alt":"","author":"1","description":"","caption":"","name":"solheur_portraits_full_05-aspect-ratio-509-352","status":"inherit","uploaded_to":3669,"date":"2025-05-16 15:43:35","modified":"2025-05-16 15:46:04","menu_order":0,"mime_type":"image\/jpeg","type":"image","subtype":"jpeg","icon":"https:\/\/solheure.ch\/wp\/wp-includes\/images\/media\/default.png","width":1310,"height":906,"sizes":{"thumbnail":"https:\/\/solheure.ch\/app\/uploads\/2025\/05\/solheur_portraits_full_05-aspect-ratio-509-352-3-150x150.jpg","thumbnail-width":150,"thumbnail-height":150,"medium":"https:\/\/solheure.ch\/app\/uploads\/2025\/05\/solheur_portraits_full_05-aspect-ratio-509-352-3-300x207.jpg","medium-width":300,"medium-height":207,"medium_large":"https:\/\/solheure.ch\/app\/uploads\/2025\/05\/solheur_portraits_full_05-aspect-ratio-509-352-3-768x531.jpg","medium_large-width":768,"medium_large-height":531,"large":"https:\/\/solheure.ch\/app\/uploads\/2025\/05\/solheur_portraits_full_05-aspect-ratio-509-352-3-1024x708.jpg","large-width":1024,"large-height":708,"1536x1536":"https:\/\/solheure.ch\/app\/uploads\/2025\/05\/solheur_portraits_full_05-aspect-ratio-509-352-3.jpg","1536x1536-width":1310,"1536x1536-height":906,"2048x2048":"https:\/\/solheure.ch\/app\/uploads\/2025\/05\/solheur_portraits_full_05-aspect-ratio-509-352-3.jpg","2048x2048-width":1310,"2048x2048-height":906},"original_image":{"ID":5223,"id":5223,"title":"solheur_portraits_full_05","filename":"solheur_portraits_full_05.jpg","filesize":320214,"url":"https:\/\/solheure.ch\/app\/uploads\/2025\/05\/solheur_portraits_full_05.jpg","link":"https:\/\/solheure.ch\/fr\/nous\/solheur_portraits_full_05-2\/","alt":"","author":"1","description":"","caption":"","name":"solheur_portraits_full_05-2","status":"inherit","uploaded_to":3669,"date":"2025-05-14 13:48:23","modified":"2025-05-14 13:48:23","menu_order":0,"mime_type":"image\/jpeg","type":"image","subtype":"jpeg","icon":"https:\/\/solheure.ch\/wp\/wp-includes\/images\/media\/default.png","width":1707,"height":2560,"sizes":{"thumbnail":"https:\/\/solheure.ch\/app\/uploads\/2025\/05\/solheur_portraits_full_05-150x150.jpg","thumbnail-width":150,"thumbnail-height":150,"medium":"https:\/\/solheure.ch\/app\/uploads\/2025\/05\/solheur_portraits_full_05-200x300.jpg","medium-width":200,"medium-height":300,"medium_large":"https:\/\/solheure.ch\/app\/uploads\/2025\/05\/solheur_portraits_full_05-768x1152.jpg","medium_large-width":768,"medium_large-height":1152,"large":"https:\/\/solheure.ch\/app\/uploads\/2025\/05\/solheur_portraits_full_05-683x1024.jpg","large-width":683,"large-height":1024,"1536x1536":"https:\/\/solheure.ch\/app\/uploads\/2025\/05\/solheur_portraits_full_05-1024x1536.jpg","1536x1536-width":1024,"1536x1536-height":1536,"2048x2048":"https:\/\/solheure.ch\/app\/uploads\/2025\/05\/solheur_portraits_full_05-1366x2048.jpg","2048x2048-width":1366,"2048x2048-height":2048}}},"text":"<p>Mathias fait partie de la codirection. Si tu as des questions, une demande ou une id\u00e9e d&#8217;\u00e9v\u00e9nement originale, tu peux t&#8217;adresser \u00e0 lui \u00e0 tout moment &#8211; m\u00eame si tu manques de sel.<\/p>\n","link":{"title":"E-Mail","url":"mailto:mueller@genossenschaft-baseltor.ch","target":""}},{"tagline":"\u00c9quipe \u00e9v\u00e9nementielle","title":"Mara","image":{"ID":5983,"id":5983,"title":"solheur_portraits_web_08-2-aspect-ratio-509-352","filename":"solheur_portraits_web_08-2-aspect-ratio-509-352-1.jpg","filesize":172416,"url":"https:\/\/solheure.ch\/app\/uploads\/2025\/09\/solheur_portraits_web_08-2-aspect-ratio-509-352-1.jpg","link":"https:\/\/solheure.ch\/fr\/nous\/solheur_portraits_web_08-2-aspect-ratio-509-352\/","alt":"","author":"1","description":"","caption":"","name":"solheur_portraits_web_08-2-aspect-ratio-509-352","status":"inherit","uploaded_to":3669,"date":"2025-09-18 13:26:34","modified":"2025-09-18 13:29:46","menu_order":0,"mime_type":"image\/jpeg","type":"image","subtype":"jpeg","icon":"https:\/\/solheure.ch\/wp\/wp-includes\/images\/media\/default.png","width":1400,"height":968,"sizes":{"thumbnail":"https:\/\/solheure.ch\/app\/uploads\/2025\/09\/solheur_portraits_web_08-2-aspect-ratio-509-352-1-150x150.jpg","thumbnail-width":150,"thumbnail-height":150,"medium":"https:\/\/solheure.ch\/app\/uploads\/2025\/09\/solheur_portraits_web_08-2-aspect-ratio-509-352-1-300x207.jpg","medium-width":300,"medium-height":207,"medium_large":"https:\/\/solheure.ch\/app\/uploads\/2025\/09\/solheur_portraits_web_08-2-aspect-ratio-509-352-1-768x531.jpg","medium_large-width":768,"medium_large-height":531,"large":"https:\/\/solheure.ch\/app\/uploads\/2025\/09\/solheur_portraits_web_08-2-aspect-ratio-509-352-1-1024x708.jpg","large-width":1024,"large-height":708,"1536x1536":"https:\/\/solheure.ch\/app\/uploads\/2025\/09\/solheur_portraits_web_08-2-aspect-ratio-509-352-1.jpg","1536x1536-width":1400,"1536x1536-height":968,"2048x2048":"https:\/\/solheure.ch\/app\/uploads\/2025\/09\/solheur_portraits_web_08-2-aspect-ratio-509-352-1.jpg","2048x2048-width":1400,"2048x2048-height":968},"original_image":{"ID":5971,"id":5971,"title":"solheur_portraits_web_08","filename":"solheur_portraits_web_08-2.jpg","filesize":518059,"url":"https:\/\/solheure.ch\/app\/uploads\/2025\/09\/solheur_portraits_web_08-2.jpg","link":"https:\/\/solheure.ch\/fr\/nous\/solheur_portraits_web_08-3-2\/","alt":"","author":"1","description":"","caption":"","name":"solheur_portraits_web_08-3-2","status":"inherit","uploaded_to":3669,"date":"2025-09-18 13:18:42","modified":"2025-09-18 13:18:42","menu_order":0,"mime_type":"image\/jpeg","type":"image","subtype":"jpeg","icon":"https:\/\/solheure.ch\/wp\/wp-includes\/images\/media\/default.png","width":1400,"height":2100,"sizes":{"thumbnail":"https:\/\/solheure.ch\/app\/uploads\/2025\/09\/solheur_portraits_web_08-2-150x150.jpg","thumbnail-width":150,"thumbnail-height":150,"medium":"https:\/\/solheure.ch\/app\/uploads\/2025\/09\/solheur_portraits_web_08-2-200x300.jpg","medium-width":200,"medium-height":300,"medium_large":"https:\/\/solheure.ch\/app\/uploads\/2025\/09\/solheur_portraits_web_08-2-768x1152.jpg","medium_large-width":768,"medium_large-height":1152,"large":"https:\/\/solheure.ch\/app\/uploads\/2025\/09\/solheur_portraits_web_08-2-683x1024.jpg","large-width":683,"large-height":1024,"1536x1536":"https:\/\/solheure.ch\/app\/uploads\/2025\/09\/solheur_portraits_web_08-2-1024x1536.jpg","1536x1536-width":1024,"1536x1536-height":1536,"2048x2048":"https:\/\/solheure.ch\/app\/uploads\/2025\/09\/solheur_portraits_web_08-2-1365x2048.jpg","2048x2048-width":1365,"2048x2048-height":2048}}},"text":"<p>Mara est notre responsable d&#8217;\u00e9v\u00e9nements. Elle planifie ton \u00e9v\u00e9nement avec son \u00e9quipe, pr\u00e9pare tout avec d\u00e9vouement et r\u00e9alise l&#8217;\u00e9v\u00e9nement selon tes souhaits.<\/p>\n","link":{"title":"E-Mail","url":"mailto:apero@solheure.ch","target":""}},{"tagline":"\u00c9quipe \u00e9v\u00e9nementielle","title":"Seraina","image":{"ID":5986,"id":5986,"title":"solheur_portraits_web_10-1-scaled-aspect-ratio-509-352","filename":"solheur_portraits_web_10-1-scaled-aspect-ratio-509-352-1.jpg","filesize":455348,"url":"https:\/\/solheure.ch\/app\/uploads\/2025\/09\/solheur_portraits_web_10-1-scaled-aspect-ratio-509-352-1.jpg","link":"https:\/\/solheure.ch\/fr\/nous\/solheur_portraits_web_10-1-scaled-aspect-ratio-509-352\/","alt":"","author":"1","description":"","caption":"","name":"solheur_portraits_web_10-1-scaled-aspect-ratio-509-352","status":"inherit","uploaded_to":3669,"date":"2025-09-18 13:27:26","modified":"2025-09-18 13:29:46","menu_order":0,"mime_type":"image\/jpeg","type":"image","subtype":"jpeg","icon":"https:\/\/solheure.ch\/wp\/wp-includes\/images\/media\/default.png","width":2000,"height":1382,"sizes":{"thumbnail":"https:\/\/solheure.ch\/app\/uploads\/2025\/09\/solheur_portraits_web_10-1-scaled-aspect-ratio-509-352-1-150x150.jpg","thumbnail-width":150,"thumbnail-height":150,"medium":"https:\/\/solheure.ch\/app\/uploads\/2025\/09\/solheur_portraits_web_10-1-scaled-aspect-ratio-509-352-1-300x207.jpg","medium-width":300,"medium-height":207,"medium_large":"https:\/\/solheure.ch\/app\/uploads\/2025\/09\/solheur_portraits_web_10-1-scaled-aspect-ratio-509-352-1-768x531.jpg","medium_large-width":768,"medium_large-height":531,"large":"https:\/\/solheure.ch\/app\/uploads\/2025\/09\/solheur_portraits_web_10-1-scaled-aspect-ratio-509-352-1-1024x708.jpg","large-width":1024,"large-height":708,"1536x1536":"https:\/\/solheure.ch\/app\/uploads\/2025\/09\/solheur_portraits_web_10-1-scaled-aspect-ratio-509-352-1-1536x1061.jpg","1536x1536-width":1536,"1536x1536-height":1061,"2048x2048":"https:\/\/solheure.ch\/app\/uploads\/2025\/09\/solheur_portraits_web_10-1-scaled-aspect-ratio-509-352-1.jpg","2048x2048-width":2000,"2048x2048-height":1382},"original_image":{"ID":5962,"id":5962,"title":"solheur_portraits_web_10","filename":"solheur_portraits_web_10-1-scaled.jpg","filesize":535727,"url":"https:\/\/solheure.ch\/app\/uploads\/2025\/09\/solheur_portraits_web_10-1-scaled.jpg","link":"https:\/\/solheure.ch\/fr\/nous\/solheur_portraits_web_10-2-2\/","alt":"","author":"1","description":"","caption":"","name":"solheur_portraits_web_10-2-2","status":"inherit","uploaded_to":3669,"date":"2025-09-18 13:17:42","modified":"2025-09-18 13:17:42","menu_order":0,"mime_type":"image\/jpeg","type":"image","subtype":"jpeg","icon":"https:\/\/solheure.ch\/wp\/wp-includes\/images\/media\/default.png","width":1707,"height":2560,"sizes":{"thumbnail":"https:\/\/solheure.ch\/app\/uploads\/2025\/09\/solheur_portraits_web_10-1-150x150.jpg","thumbnail-width":150,"thumbnail-height":150,"medium":"https:\/\/solheure.ch\/app\/uploads\/2025\/09\/solheur_portraits_web_10-1-200x300.jpg","medium-width":200,"medium-height":300,"medium_large":"https:\/\/solheure.ch\/app\/uploads\/2025\/09\/solheur_portraits_web_10-1-768x1152.jpg","medium_large-width":768,"medium_large-height":1152,"large":"https:\/\/solheure.ch\/app\/uploads\/2025\/09\/solheur_portraits_web_10-1-683x1024.jpg","large-width":683,"large-height":1024,"1536x1536":"https:\/\/solheure.ch\/app\/uploads\/2025\/09\/solheur_portraits_web_10-1-1024x1536.jpg","1536x1536-width":1024,"1536x1536-height":1536,"2048x2048":"https:\/\/solheure.ch\/app\/uploads\/2025\/09\/solheur_portraits_web_10-1-1365x2048.jpg","2048x2048-width":1365,"2048x2048-height":2048}}},"text":"<p>Seraina apporte une touche de fra\u00eecheur \u00e0 Solheure. Elle d\u00e9core avec beaucoup d&#8217;attention, sert avec le sourire et s&#8217;occupe chaleureusement des souhaits des invit\u00e9s &#8211; pour que ton \u00e9v\u00e9nement soit inoubliable.<\/p>\n","link":{"title":"E-Mail","url":"mailto:apero@solheure.ch","target":"_blank"}},{"tagline":"\u00c9quipe \u00e9v\u00e9nementielle","title":"Nicole","image":{"ID":5783,"id":5783,"title":"solheur_portraits_full_01-aspect-ratio-509-352","filename":"solheur_portraits_full_01-aspect-ratio-509-352-3.jpg","filesize":246126,"url":"https:\/\/solheure.ch\/app\/uploads\/2025\/05\/solheur_portraits_full_01-aspect-ratio-509-352-3.jpg","link":"https:\/\/solheure.ch\/fr\/nous\/solheur_portraits_full_01-aspect-ratio-509-352\/","alt":"","author":"1","description":"","caption":"","name":"solheur_portraits_full_01-aspect-ratio-509-352","status":"inherit","uploaded_to":3669,"date":"2025-05-16 15:44:50","modified":"2025-05-16 15:46:05","menu_order":0,"mime_type":"image\/jpeg","type":"image","subtype":"jpeg","icon":"https:\/\/solheure.ch\/wp\/wp-includes\/images\/media\/default.png","width":1707,"height":1180,"sizes":{"thumbnail":"https:\/\/solheure.ch\/app\/uploads\/2025\/05\/solheur_portraits_full_01-aspect-ratio-509-352-3-150x150.jpg","thumbnail-width":150,"thumbnail-height":150,"medium":"https:\/\/solheure.ch\/app\/uploads\/2025\/05\/solheur_portraits_full_01-aspect-ratio-509-352-3-300x207.jpg","medium-width":300,"medium-height":207,"medium_large":"https:\/\/solheure.ch\/app\/uploads\/2025\/05\/solheur_portraits_full_01-aspect-ratio-509-352-3-768x531.jpg","medium_large-width":768,"medium_large-height":531,"large":"https:\/\/solheure.ch\/app\/uploads\/2025\/05\/solheur_portraits_full_01-aspect-ratio-509-352-3-1024x708.jpg","large-width":1024,"large-height":708,"1536x1536":"https:\/\/solheure.ch\/app\/uploads\/2025\/05\/solheur_portraits_full_01-aspect-ratio-509-352-3-1536x1062.jpg","1536x1536-width":1536,"1536x1536-height":1062,"2048x2048":"https:\/\/solheure.ch\/app\/uploads\/2025\/05\/solheur_portraits_full_01-aspect-ratio-509-352-3.jpg","2048x2048-width":1707,"2048x2048-height":1180},"original_image":{"ID":5318,"id":5318,"title":"solheur_portraits_full_01","filename":"solheur_portraits_full_01.jpg","filesize":292526,"url":"https:\/\/solheure.ch\/app\/uploads\/2025\/05\/solheur_portraits_full_01.jpg","link":"https:\/\/solheure.ch\/fr\/nous\/solheur_portraits_full_01-2\/","alt":"","author":"1","description":"","caption":"","name":"solheur_portraits_full_01-2","status":"inherit","uploaded_to":3669,"date":"2025-05-14 14:53:05","modified":"2025-05-14 14:53:05","menu_order":0,"mime_type":"image\/jpeg","type":"image","subtype":"jpeg","icon":"https:\/\/solheure.ch\/wp\/wp-includes\/images\/media\/default.png","width":1707,"height":2560,"sizes":{"thumbnail":"https:\/\/solheure.ch\/app\/uploads\/2025\/05\/solheur_portraits_full_01-150x150.jpg","thumbnail-width":150,"thumbnail-height":150,"medium":"https:\/\/solheure.ch\/app\/uploads\/2025\/05\/solheur_portraits_full_01-200x300.jpg","medium-width":200,"medium-height":300,"medium_large":"https:\/\/solheure.ch\/app\/uploads\/2025\/05\/solheur_portraits_full_01-768x1152.jpg","medium_large-width":768,"medium_large-height":1152,"large":"https:\/\/solheure.ch\/app\/uploads\/2025\/05\/solheur_portraits_full_01-683x1024.jpg","large-width":683,"large-height":1024,"1536x1536":"https:\/\/solheure.ch\/app\/uploads\/2025\/05\/solheur_portraits_full_01-1024x1536.jpg","1536x1536-width":1024,"1536x1536-height":1536,"2048x2048":"https:\/\/solheure.ch\/app\/uploads\/2025\/05\/solheur_portraits_full_01-1366x2048.jpg","2048x2048-width":1366,"2048x2048-height":2048}}},"text":"<p>Nicole est une habitu\u00e9e de Solheure et veille en coulisses, avec Mara, la chef ap\u00e9ro, au bon d\u00e9roulement de ton \u00e9v\u00e9nement \u00e0 Solheure.<\/p>\n","link":{"title":"E-Mail","url":"mailto:apero@solheure.ch","target":""}},{"tagline":"\u00c9quipe \u00e9v\u00e9nementielle","title":"Fabio","image":{"ID":5989,"id":5989,"title":"solheur_portraits_web_09-1-scaled-aspect-ratio-509-352","filename":"solheur_portraits_web_09-1-scaled-aspect-ratio-509-352-1.jpg","filesize":264094,"url":"https:\/\/solheure.ch\/app\/uploads\/2025\/09\/solheur_portraits_web_09-1-scaled-aspect-ratio-509-352-1.jpg","link":"https:\/\/solheure.ch\/fr\/nous\/solheur_portraits_web_09-1-scaled-aspect-ratio-509-352\/","alt":"","author":"1","description":"","caption":"","name":"solheur_portraits_web_09-1-scaled-aspect-ratio-509-352","status":"inherit","uploaded_to":3669,"date":"2025-09-18 13:28:53","modified":"2025-09-18 13:29:46","menu_order":0,"mime_type":"image\/jpeg","type":"image","subtype":"jpeg","icon":"https:\/\/solheure.ch\/wp\/wp-includes\/images\/media\/default.png","width":2000,"height":1383,"sizes":{"thumbnail":"https:\/\/solheure.ch\/app\/uploads\/2025\/09\/solheur_portraits_web_09-1-scaled-aspect-ratio-509-352-1-150x150.jpg","thumbnail-width":150,"thumbnail-height":150,"medium":"https:\/\/solheure.ch\/app\/uploads\/2025\/09\/solheur_portraits_web_09-1-scaled-aspect-ratio-509-352-1-300x207.jpg","medium-width":300,"medium-height":207,"medium_large":"https:\/\/solheure.ch\/app\/uploads\/2025\/09\/solheur_portraits_web_09-1-scaled-aspect-ratio-509-352-1-768x531.jpg","medium_large-width":768,"medium_large-height":531,"large":"https:\/\/solheure.ch\/app\/uploads\/2025\/09\/solheur_portraits_web_09-1-scaled-aspect-ratio-509-352-1-1024x708.jpg","large-width":1024,"large-height":708,"1536x1536":"https:\/\/solheure.ch\/app\/uploads\/2025\/09\/solheur_portraits_web_09-1-scaled-aspect-ratio-509-352-1-1536x1062.jpg","1536x1536-width":1536,"1536x1536-height":1062,"2048x2048":"https:\/\/solheure.ch\/app\/uploads\/2025\/09\/solheur_portraits_web_09-1-scaled-aspect-ratio-509-352-1.jpg","2048x2048-width":2000,"2048x2048-height":1383},"original_image":{"ID":5965,"id":5965,"title":"solheur_portraits_web_09","filename":"solheur_portraits_web_09-1-scaled.jpg","filesize":285658,"url":"https:\/\/solheure.ch\/app\/uploads\/2025\/09\/solheur_portraits_web_09-1-scaled.jpg","link":"https:\/\/solheure.ch\/fr\/nous\/solheur_portraits_web_09-2-2\/","alt":"","author":"1","description":"","caption":"","name":"solheur_portraits_web_09-2-2","status":"inherit","uploaded_to":3669,"date":"2025-09-18 13:17:47","modified":"2025-09-18 13:17:47","menu_order":0,"mime_type":"image\/jpeg","type":"image","subtype":"jpeg","icon":"https:\/\/solheure.ch\/wp\/wp-includes\/images\/media\/default.png","width":1707,"height":2560,"sizes":{"thumbnail":"https:\/\/solheure.ch\/app\/uploads\/2025\/09\/solheur_portraits_web_09-1-150x150.jpg","thumbnail-width":150,"thumbnail-height":150,"medium":"https:\/\/solheure.ch\/app\/uploads\/2025\/09\/solheur_portraits_web_09-1-200x300.jpg","medium-width":200,"medium-height":300,"medium_large":"https:\/\/solheure.ch\/app\/uploads\/2025\/09\/solheur_portraits_web_09-1-768x1152.jpg","medium_large-width":768,"medium_large-height":1152,"large":"https:\/\/solheure.ch\/app\/uploads\/2025\/09\/solheur_portraits_web_09-1-683x1024.jpg","large-width":683,"large-height":1024,"1536x1536":"https:\/\/solheure.ch\/app\/uploads\/2025\/09\/solheur_portraits_web_09-1-1024x1536.jpg","1536x1536-width":1024,"1536x1536-height":1536,"2048x2048":"https:\/\/solheure.ch\/app\/uploads\/2025\/09\/solheur_portraits_web_09-1-1365x2048.jpg","2048x2048-width":1365,"2048x2048-height":2048}}},"text":"<p>Fabio met toute son exp\u00e9rience et son engagement au service de ton \u00e9v\u00e9nement pour qu&#8217;il se d\u00e9roule sans accroc. Que ce soit pour le montage, le d\u00e9montage ou la technique, il met la main \u00e0 la p\u00e2te et garde son calme m\u00eame lorsque les choses se pr\u00e9cipitent.<\/p>\n","link":{"title":"E-Mail","url":"mailto:apero@solheure.ch","target":"_blank"}}]}},{"acf_fc_layout":"image-slider","image-slider":{"images":[{"image":{"ID":5786,"id":5786,"title":"solheur_portraits_full_07-aspect-ratio-1440-609","filename":"solheur_portraits_full_07-aspect-ratio-1440-609-2.jpg","filesize":172280,"url":"https:\/\/solheure.ch\/app\/uploads\/2025\/05\/solheur_portraits_full_07-aspect-ratio-1440-609-2.jpg","link":"https:\/\/solheure.ch\/fr\/nous\/solheur_portraits_full_07-aspect-ratio-1440-609\/","alt":"","author":"1","description":"","caption":"","name":"solheur_portraits_full_07-aspect-ratio-1440-609","status":"inherit","uploaded_to":3669,"date":"2025-05-16 15:45:22","modified":"2025-05-16 15:46:05","menu_order":0,"mime_type":"image\/jpeg","type":"image","subtype":"jpeg","icon":"https:\/\/solheure.ch\/wp\/wp-includes\/images\/media\/default.png","width":1706,"height":722,"sizes":{"thumbnail":"https:\/\/solheure.ch\/app\/uploads\/2025\/05\/solheur_portraits_full_07-aspect-ratio-1440-609-2-150x150.jpg","thumbnail-width":150,"thumbnail-height":150,"medium":"https:\/\/solheure.ch\/app\/uploads\/2025\/05\/solheur_portraits_full_07-aspect-ratio-1440-609-2-300x127.jpg","medium-width":300,"medium-height":127,"medium_large":"https:\/\/solheure.ch\/app\/uploads\/2025\/05\/solheur_portraits_full_07-aspect-ratio-1440-609-2-768x325.jpg","medium_large-width":768,"medium_large-height":325,"large":"https:\/\/solheure.ch\/app\/uploads\/2025\/05\/solheur_portraits_full_07-aspect-ratio-1440-609-2-1024x433.jpg","large-width":1024,"large-height":433,"1536x1536":"https:\/\/solheure.ch\/app\/uploads\/2025\/05\/solheur_portraits_full_07-aspect-ratio-1440-609-2-1536x650.jpg","1536x1536-width":1536,"1536x1536-height":650,"2048x2048":"https:\/\/solheure.ch\/app\/uploads\/2025\/05\/solheur_portraits_full_07-aspect-ratio-1440-609-2.jpg","2048x2048-width":1706,"2048x2048-height":722},"original_image":{"ID":5235,"id":5235,"title":"solheur_portraits_full_07","filename":"solheur_portraits_full_07.jpg","filesize":354751,"url":"https:\/\/solheure.ch\/app\/uploads\/2025\/05\/solheur_portraits_full_07.jpg","link":"https:\/\/solheure.ch\/fr\/nous\/solheur_portraits_full_07-2\/","alt":"","author":"1","description":"","caption":"","name":"solheur_portraits_full_07-2","status":"inherit","uploaded_to":3669,"date":"2025-05-14 13:53:00","modified":"2025-05-14 13:53:00","menu_order":0,"mime_type":"image\/jpeg","type":"image","subtype":"jpeg","icon":"https:\/\/solheure.ch\/wp\/wp-includes\/images\/media\/default.png","width":1706,"height":2560,"sizes":{"thumbnail":"https:\/\/solheure.ch\/app\/uploads\/2025\/05\/solheur_portraits_full_07-150x150.jpg","thumbnail-width":150,"thumbnail-height":150,"medium":"https:\/\/solheure.ch\/app\/uploads\/2025\/05\/solheur_portraits_full_07-200x300.jpg","medium-width":200,"medium-height":300,"medium_large":"https:\/\/solheure.ch\/app\/uploads\/2025\/05\/solheur_portraits_full_07-768x1152.jpg","medium_large-width":768,"medium_large-height":1152,"large":"https:\/\/solheure.ch\/app\/uploads\/2025\/05\/solheur_portraits_full_07-682x1024.jpg","large-width":682,"large-height":1024,"1536x1536":"https:\/\/solheure.ch\/app\/uploads\/2025\/05\/solheur_portraits_full_07-1024x1536.jpg","1536x1536-width":1024,"1536x1536-height":1536,"2048x2048":"https:\/\/solheure.ch\/app\/uploads\/2025\/05\/solheur_portraits_full_07-1365x2048.jpg","2048x2048-width":1365,"2048x2048-height":2048}}},"image-mobile":{"ID":5789,"id":5789,"title":"solheur_portraits_full_07-aspect-ratio-375-192","filename":"solheur_portraits_full_07-aspect-ratio-375-192-2.jpg","filesize":190348,"url":"https:\/\/solheure.ch\/app\/uploads\/2025\/05\/solheur_portraits_full_07-aspect-ratio-375-192-2.jpg","link":"https:\/\/solheure.ch\/fr\/nous\/solheur_portraits_full_07-aspect-ratio-375-192\/","alt":"","author":"1","description":"","caption":"","name":"solheur_portraits_full_07-aspect-ratio-375-192","status":"inherit","uploaded_to":3669,"date":"2025-05-16 15:45:36","modified":"2025-05-16 15:46:05","menu_order":0,"mime_type":"image\/jpeg","type":"image","subtype":"jpeg","icon":"https:\/\/solheure.ch\/wp\/wp-includes\/images\/media\/default.png","width":1706,"height":874,"sizes":{"thumbnail":"https:\/\/solheure.ch\/app\/uploads\/2025\/05\/solheur_portraits_full_07-aspect-ratio-375-192-2-150x150.jpg","thumbnail-width":150,"thumbnail-height":150,"medium":"https:\/\/solheure.ch\/app\/uploads\/2025\/05\/solheur_portraits_full_07-aspect-ratio-375-192-2-300x154.jpg","medium-width":300,"medium-height":154,"medium_large":"https:\/\/solheure.ch\/app\/uploads\/2025\/05\/solheur_portraits_full_07-aspect-ratio-375-192-2-768x393.jpg","medium_large-width":768,"medium_large-height":393,"large":"https:\/\/solheure.ch\/app\/uploads\/2025\/05\/solheur_portraits_full_07-aspect-ratio-375-192-2-1024x525.jpg","large-width":1024,"large-height":525,"1536x1536":"https:\/\/solheure.ch\/app\/uploads\/2025\/05\/solheur_portraits_full_07-aspect-ratio-375-192-2-1536x787.jpg","1536x1536-width":1536,"1536x1536-height":787,"2048x2048":"https:\/\/solheure.ch\/app\/uploads\/2025\/05\/solheur_portraits_full_07-aspect-ratio-375-192-2.jpg","2048x2048-width":1706,"2048x2048-height":874},"original_image":{"ID":5235,"id":5235,"title":"solheur_portraits_full_07","filename":"solheur_portraits_full_07.jpg","filesize":354751,"url":"https:\/\/solheure.ch\/app\/uploads\/2025\/05\/solheur_portraits_full_07.jpg","link":"https:\/\/solheure.ch\/fr\/nous\/solheur_portraits_full_07-2\/","alt":"","author":"1","description":"","caption":"","name":"solheur_portraits_full_07-2","status":"inherit","uploaded_to":3669,"date":"2025-05-14 13:53:00","modified":"2025-05-14 13:53:00","menu_order":0,"mime_type":"image\/jpeg","type":"image","subtype":"jpeg","icon":"https:\/\/solheure.ch\/wp\/wp-includes\/images\/media\/default.png","width":1706,"height":2560,"sizes":{"thumbnail":"https:\/\/solheure.ch\/app\/uploads\/2025\/05\/solheur_portraits_full_07-150x150.jpg","thumbnail-width":150,"thumbnail-height":150,"medium":"https:\/\/solheure.ch\/app\/uploads\/2025\/05\/solheur_portraits_full_07-200x300.jpg","medium-width":200,"medium-height":300,"medium_large":"https:\/\/solheure.ch\/app\/uploads\/2025\/05\/solheur_portraits_full_07-768x1152.jpg","medium_large-width":768,"medium_large-height":1152,"large":"https:\/\/solheure.ch\/app\/uploads\/2025\/05\/solheur_portraits_full_07-682x1024.jpg","large-width":682,"large-height":1024,"1536x1536":"https:\/\/solheure.ch\/app\/uploads\/2025\/05\/solheur_portraits_full_07-1024x1536.jpg","1536x1536-width":1024,"1536x1536-height":1536,"2048x2048":"https:\/\/solheure.ch\/app\/uploads\/2025\/05\/solheur_portraits_full_07-1365x2048.jpg","2048x2048-width":1365,"2048x2048-height":2048}}},"text":""},{"image":{"ID":5792,"id":5792,"title":"solheur_portraits_full_02-aspect-ratio-1440-609","filename":"solheur_portraits_full_02-aspect-ratio-1440-609-2.jpg","filesize":196552,"url":"https:\/\/solheure.ch\/app\/uploads\/2025\/05\/solheur_portraits_full_02-aspect-ratio-1440-609-2.jpg","link":"https:\/\/solheure.ch\/fr\/nous\/solheur_portraits_full_02-aspect-ratio-1440-609\/","alt":"","author":"1","description":"","caption":"","name":"solheur_portraits_full_02-aspect-ratio-1440-609","status":"inherit","uploaded_to":3669,"date":"2025-05-16 15:45:51","modified":"2025-05-16 15:46:05","menu_order":0,"mime_type":"image\/jpeg","type":"image","subtype":"jpeg","icon":"https:\/\/solheure.ch\/wp\/wp-includes\/images\/media\/default.png","width":1707,"height":722,"sizes":{"thumbnail":"https:\/\/solheure.ch\/app\/uploads\/2025\/05\/solheur_portraits_full_02-aspect-ratio-1440-609-2-150x150.jpg","thumbnail-width":150,"thumbnail-height":150,"medium":"https:\/\/solheure.ch\/app\/uploads\/2025\/05\/solheur_portraits_full_02-aspect-ratio-1440-609-2-300x127.jpg","medium-width":300,"medium-height":127,"medium_large":"https:\/\/solheure.ch\/app\/uploads\/2025\/05\/solheur_portraits_full_02-aspect-ratio-1440-609-2-768x325.jpg","medium_large-width":768,"medium_large-height":325,"large":"https:\/\/solheure.ch\/app\/uploads\/2025\/05\/solheur_portraits_full_02-aspect-ratio-1440-609-2-1024x433.jpg","large-width":1024,"large-height":433,"1536x1536":"https:\/\/solheure.ch\/app\/uploads\/2025\/05\/solheur_portraits_full_02-aspect-ratio-1440-609-2-1536x650.jpg","1536x1536-width":1536,"1536x1536-height":650,"2048x2048":"https:\/\/solheure.ch\/app\/uploads\/2025\/05\/solheur_portraits_full_02-aspect-ratio-1440-609-2.jpg","2048x2048-width":1707,"2048x2048-height":722},"original_image":{"ID":5244,"id":5244,"title":"solheur_portraits_full_02","filename":"solheur_portraits_full_02.jpg","filesize":487107,"url":"https:\/\/solheure.ch\/app\/uploads\/2025\/05\/solheur_portraits_full_02.jpg","link":"https:\/\/solheure.ch\/fr\/nous\/solheur_portraits_full_02-2\/","alt":"","author":"1","description":"","caption":"","name":"solheur_portraits_full_02-2","status":"inherit","uploaded_to":3669,"date":"2025-05-14 13:53:30","modified":"2025-05-14 13:53:30","menu_order":0,"mime_type":"image\/jpeg","type":"image","subtype":"jpeg","icon":"https:\/\/solheure.ch\/wp\/wp-includes\/images\/media\/default.png","width":1707,"height":2560,"sizes":{"thumbnail":"https:\/\/solheure.ch\/app\/uploads\/2025\/05\/solheur_portraits_full_02-150x150.jpg","thumbnail-width":150,"thumbnail-height":150,"medium":"https:\/\/solheure.ch\/app\/uploads\/2025\/05\/solheur_portraits_full_02-200x300.jpg","medium-width":200,"medium-height":300,"medium_large":"https:\/\/solheure.ch\/app\/uploads\/2025\/05\/solheur_portraits_full_02-768x1152.jpg","medium_large-width":768,"medium_large-height":1152,"large":"https:\/\/solheure.ch\/app\/uploads\/2025\/05\/solheur_portraits_full_02-683x1024.jpg","large-width":683,"large-height":1024,"1536x1536":"https:\/\/solheure.ch\/app\/uploads\/2025\/05\/solheur_portraits_full_02-1024x1536.jpg","1536x1536-width":1024,"1536x1536-height":1536,"2048x2048":"https:\/\/solheure.ch\/app\/uploads\/2025\/05\/solheur_portraits_full_02-1366x2048.jpg","2048x2048-width":1366,"2048x2048-height":2048}}},"image-mobile":{"ID":5795,"id":5795,"title":"solheur_portraits_full_02-aspect-ratio-375-192","filename":"solheur_portraits_full_02-aspect-ratio-375-192-2.jpg","filesize":278481,"url":"https:\/\/solheure.ch\/app\/uploads\/2025\/05\/solheur_portraits_full_02-aspect-ratio-375-192-2.jpg","link":"https:\/\/solheure.ch\/fr\/nous\/solheur_portraits_full_02-aspect-ratio-375-192\/","alt":"","author":"1","description":"","caption":"","name":"solheur_portraits_full_02-aspect-ratio-375-192","status":"inherit","uploaded_to":3669,"date":"2025-05-16 15:45:59","modified":"2025-05-16 15:46:05","menu_order":0,"mime_type":"image\/jpeg","type":"image","subtype":"jpeg","icon":"https:\/\/solheure.ch\/wp\/wp-includes\/images\/media\/default.png","width":1707,"height":874,"sizes":{"thumbnail":"https:\/\/solheure.ch\/app\/uploads\/2025\/05\/solheur_portraits_full_02-aspect-ratio-375-192-2-150x150.jpg","thumbnail-width":150,"thumbnail-height":150,"medium":"https:\/\/solheure.ch\/app\/uploads\/2025\/05\/solheur_portraits_full_02-aspect-ratio-375-192-2-300x154.jpg","medium-width":300,"medium-height":154,"medium_large":"https:\/\/solheure.ch\/app\/uploads\/2025\/05\/solheur_portraits_full_02-aspect-ratio-375-192-2-768x393.jpg","medium_large-width":768,"medium_large-height":393,"large":"https:\/\/solheure.ch\/app\/uploads\/2025\/05\/solheur_portraits_full_02-aspect-ratio-375-192-2-1024x524.jpg","large-width":1024,"large-height":524,"1536x1536":"https:\/\/solheure.ch\/app\/uploads\/2025\/05\/solheur_portraits_full_02-aspect-ratio-375-192-2-1536x786.jpg","1536x1536-width":1536,"1536x1536-height":786,"2048x2048":"https:\/\/solheure.ch\/app\/uploads\/2025\/05\/solheur_portraits_full_02-aspect-ratio-375-192-2.jpg","2048x2048-width":1707,"2048x2048-height":874},"original_image":{"ID":5244,"id":5244,"title":"solheur_portraits_full_02","filename":"solheur_portraits_full_02.jpg","filesize":487107,"url":"https:\/\/solheure.ch\/app\/uploads\/2025\/05\/solheur_portraits_full_02.jpg","link":"https:\/\/solheure.ch\/fr\/nous\/solheur_portraits_full_02-2\/","alt":"","author":"1","description":"","caption":"","name":"solheur_portraits_full_02-2","status":"inherit","uploaded_to":3669,"date":"2025-05-14 13:53:30","modified":"2025-05-14 13:53:30","menu_order":0,"mime_type":"image\/jpeg","type":"image","subtype":"jpeg","icon":"https:\/\/solheure.ch\/wp\/wp-includes\/images\/media\/default.png","width":1707,"height":2560,"sizes":{"thumbnail":"https:\/\/solheure.ch\/app\/uploads\/2025\/05\/solheur_portraits_full_02-150x150.jpg","thumbnail-width":150,"thumbnail-height":150,"medium":"https:\/\/solheure.ch\/app\/uploads\/2025\/05\/solheur_portraits_full_02-200x300.jpg","medium-width":200,"medium-height":300,"medium_large":"https:\/\/solheure.ch\/app\/uploads\/2025\/05\/solheur_portraits_full_02-768x1152.jpg","medium_large-width":768,"medium_large-height":1152,"large":"https:\/\/solheure.ch\/app\/uploads\/2025\/05\/solheur_portraits_full_02-683x1024.jpg","large-width":683,"large-height":1024,"1536x1536":"https:\/\/solheure.ch\/app\/uploads\/2025\/05\/solheur_portraits_full_02-1024x1536.jpg","1536x1536-width":1024,"1536x1536-height":1536,"2048x2048":"https:\/\/solheure.ch\/app\/uploads\/2025\/05\/solheur_portraits_full_02-1366x2048.jpg","2048x2048-width":1366,"2048x2048-height":2048}}},"text":""}]}}],"home_elements":{"elements":[{"acf_fc_layout":"link-teaser","link-teaser":{"":null,"teaser_per_row":false,"lead":"","teasers":[{"tagline":"Co-direction","title":"Sabrina","image":{"ID":5777,"id":5777,"title":"solheur_portraits_full_04-1-aspect-ratio-509-352","filename":"solheur_portraits_full_04-1-aspect-ratio-509-352-3.jpg","filesize":312329,"url":"https:\/\/solheure.ch\/app\/uploads\/2025\/05\/solheur_portraits_full_04-1-aspect-ratio-509-352-3.jpg","link":"https:\/\/solheure.ch\/fr\/nous\/solheur_portraits_full_04-1-aspect-ratio-509-352\/","alt":"","author":"1","description":"","caption":"","name":"solheur_portraits_full_04-1-aspect-ratio-509-352","status":"inherit","uploaded_to":3669,"date":"2025-05-16 15:42:22","modified":"2025-05-16 15:46:04","menu_order":0,"mime_type":"image\/jpeg","type":"image","subtype":"jpeg","icon":"https:\/\/solheure.ch\/wp\/wp-includes\/images\/media\/default.png","width":1247,"height":862,"sizes":{"thumbnail":"https:\/\/solheure.ch\/app\/uploads\/2025\/05\/solheur_portraits_full_04-1-aspect-ratio-509-352-3-150x150.jpg","thumbnail-width":150,"thumbnail-height":150,"medium":"https:\/\/solheure.ch\/app\/uploads\/2025\/05\/solheur_portraits_full_04-1-aspect-ratio-509-352-3-300x207.jpg","medium-width":300,"medium-height":207,"medium_large":"https:\/\/solheure.ch\/app\/uploads\/2025\/05\/solheur_portraits_full_04-1-aspect-ratio-509-352-3-768x531.jpg","medium_large-width":768,"medium_large-height":531,"large":"https:\/\/solheure.ch\/app\/uploads\/2025\/05\/solheur_portraits_full_04-1-aspect-ratio-509-352-3-1024x708.jpg","large-width":1024,"large-height":708,"1536x1536":"https:\/\/solheure.ch\/app\/uploads\/2025\/05\/solheur_portraits_full_04-1-aspect-ratio-509-352-3.jpg","1536x1536-width":1247,"1536x1536-height":862,"2048x2048":"https:\/\/solheure.ch\/app\/uploads\/2025\/05\/solheur_portraits_full_04-1-aspect-ratio-509-352-3.jpg","2048x2048-width":1247,"2048x2048-height":862},"original_image":{"ID":5217,"id":5217,"title":"solheur_portraits_full_04","filename":"solheur_portraits_full_04-1.jpg","filesize":594986,"url":"https:\/\/solheure.ch\/app\/uploads\/2025\/05\/solheur_portraits_full_04-1.jpg","link":"https:\/\/solheure.ch\/fr\/nous\/solheur_portraits_full_04-2-2\/","alt":"","author":"1","description":"","caption":"","name":"solheur_portraits_full_04-2-2","status":"inherit","uploaded_to":3669,"date":"2025-05-14 13:44:23","modified":"2025-05-14 13:44:23","menu_order":0,"mime_type":"image\/jpeg","type":"image","subtype":"jpeg","icon":"https:\/\/solheure.ch\/wp\/wp-includes\/images\/media\/default.png","width":1707,"height":2560,"sizes":{"thumbnail":"https:\/\/solheure.ch\/app\/uploads\/2025\/05\/solheur_portraits_full_04-1-150x150.jpg","thumbnail-width":150,"thumbnail-height":150,"medium":"https:\/\/solheure.ch\/app\/uploads\/2025\/05\/solheur_portraits_full_04-1-200x300.jpg","medium-width":200,"medium-height":300,"medium_large":"https:\/\/solheure.ch\/app\/uploads\/2025\/05\/solheur_portraits_full_04-1-768x1152.jpg","medium_large-width":768,"medium_large-height":1152,"large":"https:\/\/solheure.ch\/app\/uploads\/2025\/05\/solheur_portraits_full_04-1-683x1024.jpg","large-width":683,"large-height":1024,"1536x1536":"https:\/\/solheure.ch\/app\/uploads\/2025\/05\/solheur_portraits_full_04-1-1024x1536.jpg","1536x1536-width":1024,"1536x1536-height":1536,"2048x2048":"https:\/\/solheure.ch\/app\/uploads\/2025\/05\/solheur_portraits_full_04-1-1366x2048.jpg","2048x2048-width":1366,"2048x2048-height":2048}}},"text":"<p>Sabrina, co-directrice de Solheure, te souhaite la bienvenue avec sa jeune \u00e9quipe de collaborateurs \u00e0 temps plein et \u00e0 temps partiel.<\/p>\n","link":{"title":"E-Mail","url":"mailto:knittel@solheure.ch","target":""}},{"tagline":"Co-direction","title":"Mathias","image":{"ID":5780,"id":5780,"title":"solheur_portraits_full_05-aspect-ratio-509-352","filename":"solheur_portraits_full_05-aspect-ratio-509-352-3.jpg","filesize":169812,"url":"https:\/\/solheure.ch\/app\/uploads\/2025\/05\/solheur_portraits_full_05-aspect-ratio-509-352-3.jpg","link":"https:\/\/solheure.ch\/fr\/nous\/solheur_portraits_full_05-aspect-ratio-509-352\/","alt":"","author":"1","description":"","caption":"","name":"solheur_portraits_full_05-aspect-ratio-509-352","status":"inherit","uploaded_to":3669,"date":"2025-05-16 15:43:35","modified":"2025-05-16 15:46:04","menu_order":0,"mime_type":"image\/jpeg","type":"image","subtype":"jpeg","icon":"https:\/\/solheure.ch\/wp\/wp-includes\/images\/media\/default.png","width":1310,"height":906,"sizes":{"thumbnail":"https:\/\/solheure.ch\/app\/uploads\/2025\/05\/solheur_portraits_full_05-aspect-ratio-509-352-3-150x150.jpg","thumbnail-width":150,"thumbnail-height":150,"medium":"https:\/\/solheure.ch\/app\/uploads\/2025\/05\/solheur_portraits_full_05-aspect-ratio-509-352-3-300x207.jpg","medium-width":300,"medium-height":207,"medium_large":"https:\/\/solheure.ch\/app\/uploads\/2025\/05\/solheur_portraits_full_05-aspect-ratio-509-352-3-768x531.jpg","medium_large-width":768,"medium_large-height":531,"large":"https:\/\/solheure.ch\/app\/uploads\/2025\/05\/solheur_portraits_full_05-aspect-ratio-509-352-3-1024x708.jpg","large-width":1024,"large-height":708,"1536x1536":"https:\/\/solheure.ch\/app\/uploads\/2025\/05\/solheur_portraits_full_05-aspect-ratio-509-352-3.jpg","1536x1536-width":1310,"1536x1536-height":906,"2048x2048":"https:\/\/solheure.ch\/app\/uploads\/2025\/05\/solheur_portraits_full_05-aspect-ratio-509-352-3.jpg","2048x2048-width":1310,"2048x2048-height":906},"original_image":{"ID":5223,"id":5223,"title":"solheur_portraits_full_05","filename":"solheur_portraits_full_05.jpg","filesize":320214,"url":"https:\/\/solheure.ch\/app\/uploads\/2025\/05\/solheur_portraits_full_05.jpg","link":"https:\/\/solheure.ch\/fr\/nous\/solheur_portraits_full_05-2\/","alt":"","author":"1","description":"","caption":"","name":"solheur_portraits_full_05-2","status":"inherit","uploaded_to":3669,"date":"2025-05-14 13:48:23","modified":"2025-05-14 13:48:23","menu_order":0,"mime_type":"image\/jpeg","type":"image","subtype":"jpeg","icon":"https:\/\/solheure.ch\/wp\/wp-includes\/images\/media\/default.png","width":1707,"height":2560,"sizes":{"thumbnail":"https:\/\/solheure.ch\/app\/uploads\/2025\/05\/solheur_portraits_full_05-150x150.jpg","thumbnail-width":150,"thumbnail-height":150,"medium":"https:\/\/solheure.ch\/app\/uploads\/2025\/05\/solheur_portraits_full_05-200x300.jpg","medium-width":200,"medium-height":300,"medium_large":"https:\/\/solheure.ch\/app\/uploads\/2025\/05\/solheur_portraits_full_05-768x1152.jpg","medium_large-width":768,"medium_large-height":1152,"large":"https:\/\/solheure.ch\/app\/uploads\/2025\/05\/solheur_portraits_full_05-683x1024.jpg","large-width":683,"large-height":1024,"1536x1536":"https:\/\/solheure.ch\/app\/uploads\/2025\/05\/solheur_portraits_full_05-1024x1536.jpg","1536x1536-width":1024,"1536x1536-height":1536,"2048x2048":"https:\/\/solheure.ch\/app\/uploads\/2025\/05\/solheur_portraits_full_05-1366x2048.jpg","2048x2048-width":1366,"2048x2048-height":2048}}},"text":"<p>Mathias fait partie de la codirection. Si tu as des questions, une demande ou une id\u00e9e d&#8217;\u00e9v\u00e9nement originale, tu peux t&#8217;adresser \u00e0 lui \u00e0 tout moment &#8211; m\u00eame si tu manques de sel.<\/p>\n","link":{"title":"E-Mail","url":"mailto:mueller@genossenschaft-baseltor.ch","target":""}},{"tagline":"\u00c9quipe \u00e9v\u00e9nementielle","title":"Mara","image":{"ID":5983,"id":5983,"title":"solheur_portraits_web_08-2-aspect-ratio-509-352","filename":"solheur_portraits_web_08-2-aspect-ratio-509-352-1.jpg","filesize":172416,"url":"https:\/\/solheure.ch\/app\/uploads\/2025\/09\/solheur_portraits_web_08-2-aspect-ratio-509-352-1.jpg","link":"https:\/\/solheure.ch\/fr\/nous\/solheur_portraits_web_08-2-aspect-ratio-509-352\/","alt":"","author":"1","description":"","caption":"","name":"solheur_portraits_web_08-2-aspect-ratio-509-352","status":"inherit","uploaded_to":3669,"date":"2025-09-18 13:26:34","modified":"2025-09-18 13:29:46","menu_order":0,"mime_type":"image\/jpeg","type":"image","subtype":"jpeg","icon":"https:\/\/solheure.ch\/wp\/wp-includes\/images\/media\/default.png","width":1400,"height":968,"sizes":{"thumbnail":"https:\/\/solheure.ch\/app\/uploads\/2025\/09\/solheur_portraits_web_08-2-aspect-ratio-509-352-1-150x150.jpg","thumbnail-width":150,"thumbnail-height":150,"medium":"https:\/\/solheure.ch\/app\/uploads\/2025\/09\/solheur_portraits_web_08-2-aspect-ratio-509-352-1-300x207.jpg","medium-width":300,"medium-height":207,"medium_large":"https:\/\/solheure.ch\/app\/uploads\/2025\/09\/solheur_portraits_web_08-2-aspect-ratio-509-352-1-768x531.jpg","medium_large-width":768,"medium_large-height":531,"large":"https:\/\/solheure.ch\/app\/uploads\/2025\/09\/solheur_portraits_web_08-2-aspect-ratio-509-352-1-1024x708.jpg","large-width":1024,"large-height":708,"1536x1536":"https:\/\/solheure.ch\/app\/uploads\/2025\/09\/solheur_portraits_web_08-2-aspect-ratio-509-352-1.jpg","1536x1536-width":1400,"1536x1536-height":968,"2048x2048":"https:\/\/solheure.ch\/app\/uploads\/2025\/09\/solheur_portraits_web_08-2-aspect-ratio-509-352-1.jpg","2048x2048-width":1400,"2048x2048-height":968},"original_image":{"ID":5971,"id":5971,"title":"solheur_portraits_web_08","filename":"solheur_portraits_web_08-2.jpg","filesize":518059,"url":"https:\/\/solheure.ch\/app\/uploads\/2025\/09\/solheur_portraits_web_08-2.jpg","link":"https:\/\/solheure.ch\/fr\/nous\/solheur_portraits_web_08-3-2\/","alt":"","author":"1","description":"","caption":"","name":"solheur_portraits_web_08-3-2","status":"inherit","uploaded_to":3669,"date":"2025-09-18 13:18:42","modified":"2025-09-18 13:18:42","menu_order":0,"mime_type":"image\/jpeg","type":"image","subtype":"jpeg","icon":"https:\/\/solheure.ch\/wp\/wp-includes\/images\/media\/default.png","width":1400,"height":2100,"sizes":{"thumbnail":"https:\/\/solheure.ch\/app\/uploads\/2025\/09\/solheur_portraits_web_08-2-150x150.jpg","thumbnail-width":150,"thumbnail-height":150,"medium":"https:\/\/solheure.ch\/app\/uploads\/2025\/09\/solheur_portraits_web_08-2-200x300.jpg","medium-width":200,"medium-height":300,"medium_large":"https:\/\/solheure.ch\/app\/uploads\/2025\/09\/solheur_portraits_web_08-2-768x1152.jpg","medium_large-width":768,"medium_large-height":1152,"large":"https:\/\/solheure.ch\/app\/uploads\/2025\/09\/solheur_portraits_web_08-2-683x1024.jpg","large-width":683,"large-height":1024,"1536x1536":"https:\/\/solheure.ch\/app\/uploads\/2025\/09\/solheur_portraits_web_08-2-1024x1536.jpg","1536x1536-width":1024,"1536x1536-height":1536,"2048x2048":"https:\/\/solheure.ch\/app\/uploads\/2025\/09\/solheur_portraits_web_08-2-1365x2048.jpg","2048x2048-width":1365,"2048x2048-height":2048}}},"text":"<p>Mara est notre responsable d&#8217;\u00e9v\u00e9nements. Elle planifie ton \u00e9v\u00e9nement avec son \u00e9quipe, pr\u00e9pare tout avec d\u00e9vouement et r\u00e9alise l&#8217;\u00e9v\u00e9nement selon tes souhaits.<\/p>\n","link":{"title":"E-Mail","url":"mailto:apero@solheure.ch","target":""}},{"tagline":"\u00c9quipe \u00e9v\u00e9nementielle","title":"Seraina","image":{"ID":5986,"id":5986,"title":"solheur_portraits_web_10-1-scaled-aspect-ratio-509-352","filename":"solheur_portraits_web_10-1-scaled-aspect-ratio-509-352-1.jpg","filesize":455348,"url":"https:\/\/solheure.ch\/app\/uploads\/2025\/09\/solheur_portraits_web_10-1-scaled-aspect-ratio-509-352-1.jpg","link":"https:\/\/solheure.ch\/fr\/nous\/solheur_portraits_web_10-1-scaled-aspect-ratio-509-352\/","alt":"","author":"1","description":"","caption":"","name":"solheur_portraits_web_10-1-scaled-aspect-ratio-509-352","status":"inherit","uploaded_to":3669,"date":"2025-09-18 13:27:26","modified":"2025-09-18 13:29:46","menu_order":0,"mime_type":"image\/jpeg","type":"image","subtype":"jpeg","icon":"https:\/\/solheure.ch\/wp\/wp-includes\/images\/media\/default.png","width":2000,"height":1382,"sizes":{"thumbnail":"https:\/\/solheure.ch\/app\/uploads\/2025\/09\/solheur_portraits_web_10-1-scaled-aspect-ratio-509-352-1-150x150.jpg","thumbnail-width":150,"thumbnail-height":150,"medium":"https:\/\/solheure.ch\/app\/uploads\/2025\/09\/solheur_portraits_web_10-1-scaled-aspect-ratio-509-352-1-300x207.jpg","medium-width":300,"medium-height":207,"medium_large":"https:\/\/solheure.ch\/app\/uploads\/2025\/09\/solheur_portraits_web_10-1-scaled-aspect-ratio-509-352-1-768x531.jpg","medium_large-width":768,"medium_large-height":531,"large":"https:\/\/solheure.ch\/app\/uploads\/2025\/09\/solheur_portraits_web_10-1-scaled-aspect-ratio-509-352-1-1024x708.jpg","large-width":1024,"large-height":708,"1536x1536":"https:\/\/solheure.ch\/app\/uploads\/2025\/09\/solheur_portraits_web_10-1-scaled-aspect-ratio-509-352-1-1536x1061.jpg","1536x1536-width":1536,"1536x1536-height":1061,"2048x2048":"https:\/\/solheure.ch\/app\/uploads\/2025\/09\/solheur_portraits_web_10-1-scaled-aspect-ratio-509-352-1.jpg","2048x2048-width":2000,"2048x2048-height":1382},"original_image":{"ID":5962,"id":5962,"title":"solheur_portraits_web_10","filename":"solheur_portraits_web_10-1-scaled.jpg","filesize":535727,"url":"https:\/\/solheure.ch\/app\/uploads\/2025\/09\/solheur_portraits_web_10-1-scaled.jpg","link":"https:\/\/solheure.ch\/fr\/nous\/solheur_portraits_web_10-2-2\/","alt":"","author":"1","description":"","caption":"","name":"solheur_portraits_web_10-2-2","status":"inherit","uploaded_to":3669,"date":"2025-09-18 13:17:42","modified":"2025-09-18 13:17:42","menu_order":0,"mime_type":"image\/jpeg","type":"image","subtype":"jpeg","icon":"https:\/\/solheure.ch\/wp\/wp-includes\/images\/media\/default.png","width":1707,"height":2560,"sizes":{"thumbnail":"https:\/\/solheure.ch\/app\/uploads\/2025\/09\/solheur_portraits_web_10-1-150x150.jpg","thumbnail-width":150,"thumbnail-height":150,"medium":"https:\/\/solheure.ch\/app\/uploads\/2025\/09\/solheur_portraits_web_10-1-200x300.jpg","medium-width":200,"medium-height":300,"medium_large":"https:\/\/solheure.ch\/app\/uploads\/2025\/09\/solheur_portraits_web_10-1-768x1152.jpg","medium_large-width":768,"medium_large-height":1152,"large":"https:\/\/solheure.ch\/app\/uploads\/2025\/09\/solheur_portraits_web_10-1-683x1024.jpg","large-width":683,"large-height":1024,"1536x1536":"https:\/\/solheure.ch\/app\/uploads\/2025\/09\/solheur_portraits_web_10-1-1024x1536.jpg","1536x1536-width":1024,"1536x1536-height":1536,"2048x2048":"https:\/\/solheure.ch\/app\/uploads\/2025\/09\/solheur_portraits_web_10-1-1365x2048.jpg","2048x2048-width":1365,"2048x2048-height":2048}}},"text":"<p>Seraina apporte une touche de fra\u00eecheur \u00e0 Solheure. Elle d\u00e9core avec beaucoup d&#8217;attention, sert avec le sourire et s&#8217;occupe chaleureusement des souhaits des invit\u00e9s &#8211; pour que ton \u00e9v\u00e9nement soit inoubliable.<\/p>\n","link":{"title":"E-Mail","url":"mailto:apero@solheure.ch","target":"_blank"}},{"tagline":"\u00c9quipe \u00e9v\u00e9nementielle","title":"Nicole","image":{"ID":5783,"id":5783,"title":"solheur_portraits_full_01-aspect-ratio-509-352","filename":"solheur_portraits_full_01-aspect-ratio-509-352-3.jpg","filesize":246126,"url":"https:\/\/solheure.ch\/app\/uploads\/2025\/05\/solheur_portraits_full_01-aspect-ratio-509-352-3.jpg","link":"https:\/\/solheure.ch\/fr\/nous\/solheur_portraits_full_01-aspect-ratio-509-352\/","alt":"","author":"1","description":"","caption":"","name":"solheur_portraits_full_01-aspect-ratio-509-352","status":"inherit","uploaded_to":3669,"date":"2025-05-16 15:44:50","modified":"2025-05-16 15:46:05","menu_order":0,"mime_type":"image\/jpeg","type":"image","subtype":"jpeg","icon":"https:\/\/solheure.ch\/wp\/wp-includes\/images\/media\/default.png","width":1707,"height":1180,"sizes":{"thumbnail":"https:\/\/solheure.ch\/app\/uploads\/2025\/05\/solheur_portraits_full_01-aspect-ratio-509-352-3-150x150.jpg","thumbnail-width":150,"thumbnail-height":150,"medium":"https:\/\/solheure.ch\/app\/uploads\/2025\/05\/solheur_portraits_full_01-aspect-ratio-509-352-3-300x207.jpg","medium-width":300,"medium-height":207,"medium_large":"https:\/\/solheure.ch\/app\/uploads\/2025\/05\/solheur_portraits_full_01-aspect-ratio-509-352-3-768x531.jpg","medium_large-width":768,"medium_large-height":531,"large":"https:\/\/solheure.ch\/app\/uploads\/2025\/05\/solheur_portraits_full_01-aspect-ratio-509-352-3-1024x708.jpg","large-width":1024,"large-height":708,"1536x1536":"https:\/\/solheure.ch\/app\/uploads\/2025\/05\/solheur_portraits_full_01-aspect-ratio-509-352-3-1536x1062.jpg","1536x1536-width":1536,"1536x1536-height":1062,"2048x2048":"https:\/\/solheure.ch\/app\/uploads\/2025\/05\/solheur_portraits_full_01-aspect-ratio-509-352-3.jpg","2048x2048-width":1707,"2048x2048-height":1180},"original_image":{"ID":5318,"id":5318,"title":"solheur_portraits_full_01","filename":"solheur_portraits_full_01.jpg","filesize":292526,"url":"https:\/\/solheure.ch\/app\/uploads\/2025\/05\/solheur_portraits_full_01.jpg","link":"https:\/\/solheure.ch\/fr\/nous\/solheur_portraits_full_01-2\/","alt":"","author":"1","description":"","caption":"","name":"solheur_portraits_full_01-2","status":"inherit","uploaded_to":3669,"date":"2025-05-14 14:53:05","modified":"2025-05-14 14:53:05","menu_order":0,"mime_type":"image\/jpeg","type":"image","subtype":"jpeg","icon":"https:\/\/solheure.ch\/wp\/wp-includes\/images\/media\/default.png","width":1707,"height":2560,"sizes":{"thumbnail":"https:\/\/solheure.ch\/app\/uploads\/2025\/05\/solheur_portraits_full_01-150x150.jpg","thumbnail-width":150,"thumbnail-height":150,"medium":"https:\/\/solheure.ch\/app\/uploads\/2025\/05\/solheur_portraits_full_01-200x300.jpg","medium-width":200,"medium-height":300,"medium_large":"https:\/\/solheure.ch\/app\/uploads\/2025\/05\/solheur_portraits_full_01-768x1152.jpg","medium_large-width":768,"medium_large-height":1152,"large":"https:\/\/solheure.ch\/app\/uploads\/2025\/05\/solheur_portraits_full_01-683x1024.jpg","large-width":683,"large-height":1024,"1536x1536":"https:\/\/solheure.ch\/app\/uploads\/2025\/05\/solheur_portraits_full_01-1024x1536.jpg","1536x1536-width":1024,"1536x1536-height":1536,"2048x2048":"https:\/\/solheure.ch\/app\/uploads\/2025\/05\/solheur_portraits_full_01-1366x2048.jpg","2048x2048-width":1366,"2048x2048-height":2048}}},"text":"<p>Nicole est une habitu\u00e9e de Solheure et veille en coulisses, avec Mara, la chef ap\u00e9ro, au bon d\u00e9roulement de ton \u00e9v\u00e9nement \u00e0 Solheure.<\/p>\n","link":{"title":"E-Mail","url":"mailto:apero@solheure.ch","target":""}},{"tagline":"\u00c9quipe \u00e9v\u00e9nementielle","title":"Fabio","image":{"ID":5989,"id":5989,"title":"solheur_portraits_web_09-1-scaled-aspect-ratio-509-352","filename":"solheur_portraits_web_09-1-scaled-aspect-ratio-509-352-1.jpg","filesize":264094,"url":"https:\/\/solheure.ch\/app\/uploads\/2025\/09\/solheur_portraits_web_09-1-scaled-aspect-ratio-509-352-1.jpg","link":"https:\/\/solheure.ch\/fr\/nous\/solheur_portraits_web_09-1-scaled-aspect-ratio-509-352\/","alt":"","author":"1","description":"","caption":"","name":"solheur_portraits_web_09-1-scaled-aspect-ratio-509-352","status":"inherit","uploaded_to":3669,"date":"2025-09-18 13:28:53","modified":"2025-09-18 13:29:46","menu_order":0,"mime_type":"image\/jpeg","type":"image","subtype":"jpeg","icon":"https:\/\/solheure.ch\/wp\/wp-includes\/images\/media\/default.png","width":2000,"height":1383,"sizes":{"thumbnail":"https:\/\/solheure.ch\/app\/uploads\/2025\/09\/solheur_portraits_web_09-1-scaled-aspect-ratio-509-352-1-150x150.jpg","thumbnail-width":150,"thumbnail-height":150,"medium":"https:\/\/solheure.ch\/app\/uploads\/2025\/09\/solheur_portraits_web_09-1-scaled-aspect-ratio-509-352-1-300x207.jpg","medium-width":300,"medium-height":207,"medium_large":"https:\/\/solheure.ch\/app\/uploads\/2025\/09\/solheur_portraits_web_09-1-scaled-aspect-ratio-509-352-1-768x531.jpg","medium_large-width":768,"medium_large-height":531,"large":"https:\/\/solheure.ch\/app\/uploads\/2025\/09\/solheur_portraits_web_09-1-scaled-aspect-ratio-509-352-1-1024x708.jpg","large-width":1024,"large-height":708,"1536x1536":"https:\/\/solheure.ch\/app\/uploads\/2025\/09\/solheur_portraits_web_09-1-scaled-aspect-ratio-509-352-1-1536x1062.jpg","1536x1536-width":1536,"1536x1536-height":1062,"2048x2048":"https:\/\/solheure.ch\/app\/uploads\/2025\/09\/solheur_portraits_web_09-1-scaled-aspect-ratio-509-352-1.jpg","2048x2048-width":2000,"2048x2048-height":1383},"original_image":{"ID":5965,"id":5965,"title":"solheur_portraits_web_09","filename":"solheur_portraits_web_09-1-scaled.jpg","filesize":285658,"url":"https:\/\/solheure.ch\/app\/uploads\/2025\/09\/solheur_portraits_web_09-1-scaled.jpg","link":"https:\/\/solheure.ch\/fr\/nous\/solheur_portraits_web_09-2-2\/","alt":"","author":"1","description":"","caption":"","name":"solheur_portraits_web_09-2-2","status":"inherit","uploaded_to":3669,"date":"2025-09-18 13:17:47","modified":"2025-09-18 13:17:47","menu_order":0,"mime_type":"image\/jpeg","type":"image","subtype":"jpeg","icon":"https:\/\/solheure.ch\/wp\/wp-includes\/images\/media\/default.png","width":1707,"height":2560,"sizes":{"thumbnail":"https:\/\/solheure.ch\/app\/uploads\/2025\/09\/solheur_portraits_web_09-1-150x150.jpg","thumbnail-width":150,"thumbnail-height":150,"medium":"https:\/\/solheure.ch\/app\/uploads\/2025\/09\/solheur_portraits_web_09-1-200x300.jpg","medium-width":200,"medium-height":300,"medium_large":"https:\/\/solheure.ch\/app\/uploads\/2025\/09\/solheur_portraits_web_09-1-768x1152.jpg","medium_large-width":768,"medium_large-height":1152,"large":"https:\/\/solheure.ch\/app\/uploads\/2025\/09\/solheur_portraits_web_09-1-683x1024.jpg","large-width":683,"large-height":1024,"1536x1536":"https:\/\/solheure.ch\/app\/uploads\/2025\/09\/solheur_portraits_web_09-1-1024x1536.jpg","1536x1536-width":1024,"1536x1536-height":1536,"2048x2048":"https:\/\/solheure.ch\/app\/uploads\/2025\/09\/solheur_portraits_web_09-1-1365x2048.jpg","2048x2048-width":1365,"2048x2048-height":2048}}},"text":"<p>Fabio met toute son exp\u00e9rience et son engagement au service de ton \u00e9v\u00e9nement pour qu&#8217;il se d\u00e9roule sans accroc. Que ce soit pour le montage, le d\u00e9montage ou la technique, il met la main \u00e0 la p\u00e2te et garde son calme m\u00eame lorsque les choses se pr\u00e9cipitent.<\/p>\n","link":{"title":"E-Mail","url":"mailto:apero@solheure.ch","target":"_blank"}}]}},{"acf_fc_layout":"image-slider","image-slider":{"images":[{"image":{"ID":5786,"id":5786,"title":"solheur_portraits_full_07-aspect-ratio-1440-609","filename":"solheur_portraits_full_07-aspect-ratio-1440-609-2.jpg","filesize":172280,"url":"https:\/\/solheure.ch\/app\/uploads\/2025\/05\/solheur_portraits_full_07-aspect-ratio-1440-609-2.jpg","link":"https:\/\/solheure.ch\/fr\/nous\/solheur_portraits_full_07-aspect-ratio-1440-609\/","alt":"","author":"1","description":"","caption":"","name":"solheur_portraits_full_07-aspect-ratio-1440-609","status":"inherit","uploaded_to":3669,"date":"2025-05-16 15:45:22","modified":"2025-05-16 15:46:05","menu_order":0,"mime_type":"image\/jpeg","type":"image","subtype":"jpeg","icon":"https:\/\/solheure.ch\/wp\/wp-includes\/images\/media\/default.png","width":1706,"height":722,"sizes":{"thumbnail":"https:\/\/solheure.ch\/app\/uploads\/2025\/05\/solheur_portraits_full_07-aspect-ratio-1440-609-2-150x150.jpg","thumbnail-width":150,"thumbnail-height":150,"medium":"https:\/\/solheure.ch\/app\/uploads\/2025\/05\/solheur_portraits_full_07-aspect-ratio-1440-609-2-300x127.jpg","medium-width":300,"medium-height":127,"medium_large":"https:\/\/solheure.ch\/app\/uploads\/2025\/05\/solheur_portraits_full_07-aspect-ratio-1440-609-2-768x325.jpg","medium_large-width":768,"medium_large-height":325,"large":"https:\/\/solheure.ch\/app\/uploads\/2025\/05\/solheur_portraits_full_07-aspect-ratio-1440-609-2-1024x433.jpg","large-width":1024,"large-height":433,"1536x1536":"https:\/\/solheure.ch\/app\/uploads\/2025\/05\/solheur_portraits_full_07-aspect-ratio-1440-609-2-1536x650.jpg","1536x1536-width":1536,"1536x1536-height":650,"2048x2048":"https:\/\/solheure.ch\/app\/uploads\/2025\/05\/solheur_portraits_full_07-aspect-ratio-1440-609-2.jpg","2048x2048-width":1706,"2048x2048-height":722},"original_image":{"ID":5235,"id":5235,"title":"solheur_portraits_full_07","filename":"solheur_portraits_full_07.jpg","filesize":354751,"url":"https:\/\/solheure.ch\/app\/uploads\/2025\/05\/solheur_portraits_full_07.jpg","link":"https:\/\/solheure.ch\/fr\/nous\/solheur_portraits_full_07-2\/","alt":"","author":"1","description":"","caption":"","name":"solheur_portraits_full_07-2","status":"inherit","uploaded_to":3669,"date":"2025-05-14 13:53:00","modified":"2025-05-14 13:53:00","menu_order":0,"mime_type":"image\/jpeg","type":"image","subtype":"jpeg","icon":"https:\/\/solheure.ch\/wp\/wp-includes\/images\/media\/default.png","width":1706,"height":2560,"sizes":{"thumbnail":"https:\/\/solheure.ch\/app\/uploads\/2025\/05\/solheur_portraits_full_07-150x150.jpg","thumbnail-width":150,"thumbnail-height":150,"medium":"https:\/\/solheure.ch\/app\/uploads\/2025\/05\/solheur_portraits_full_07-200x300.jpg","medium-width":200,"medium-height":300,"medium_large":"https:\/\/solheure.ch\/app\/uploads\/2025\/05\/solheur_portraits_full_07-768x1152.jpg","medium_large-width":768,"medium_large-height":1152,"large":"https:\/\/solheure.ch\/app\/uploads\/2025\/05\/solheur_portraits_full_07-682x1024.jpg","large-width":682,"large-height":1024,"1536x1536":"https:\/\/solheure.ch\/app\/uploads\/2025\/05\/solheur_portraits_full_07-1024x1536.jpg","1536x1536-width":1024,"1536x1536-height":1536,"2048x2048":"https:\/\/solheure.ch\/app\/uploads\/2025\/05\/solheur_portraits_full_07-1365x2048.jpg","2048x2048-width":1365,"2048x2048-height":2048}}},"image-mobile":{"ID":5789,"id":5789,"title":"solheur_portraits_full_07-aspect-ratio-375-192","filename":"solheur_portraits_full_07-aspect-ratio-375-192-2.jpg","filesize":190348,"url":"https:\/\/solheure.ch\/app\/uploads\/2025\/05\/solheur_portraits_full_07-aspect-ratio-375-192-2.jpg","link":"https:\/\/solheure.ch\/fr\/nous\/solheur_portraits_full_07-aspect-ratio-375-192\/","alt":"","author":"1","description":"","caption":"","name":"solheur_portraits_full_07-aspect-ratio-375-192","status":"inherit","uploaded_to":3669,"date":"2025-05-16 15:45:36","modified":"2025-05-16 15:46:05","menu_order":0,"mime_type":"image\/jpeg","type":"image","subtype":"jpeg","icon":"https:\/\/solheure.ch\/wp\/wp-includes\/images\/media\/default.png","width":1706,"height":874,"sizes":{"thumbnail":"https:\/\/solheure.ch\/app\/uploads\/2025\/05\/solheur_portraits_full_07-aspect-ratio-375-192-2-150x150.jpg","thumbnail-width":150,"thumbnail-height":150,"medium":"https:\/\/solheure.ch\/app\/uploads\/2025\/05\/solheur_portraits_full_07-aspect-ratio-375-192-2-300x154.jpg","medium-width":300,"medium-height":154,"medium_large":"https:\/\/solheure.ch\/app\/uploads\/2025\/05\/solheur_portraits_full_07-aspect-ratio-375-192-2-768x393.jpg","medium_large-width":768,"medium_large-height":393,"large":"https:\/\/solheure.ch\/app\/uploads\/2025\/05\/solheur_portraits_full_07-aspect-ratio-375-192-2-1024x525.jpg","large-width":1024,"large-height":525,"1536x1536":"https:\/\/solheure.ch\/app\/uploads\/2025\/05\/solheur_portraits_full_07-aspect-ratio-375-192-2-1536x787.jpg","1536x1536-width":1536,"1536x1536-height":787,"2048x2048":"https:\/\/solheure.ch\/app\/uploads\/2025\/05\/solheur_portraits_full_07-aspect-ratio-375-192-2.jpg","2048x2048-width":1706,"2048x2048-height":874},"original_image":{"ID":5235,"id":5235,"title":"solheur_portraits_full_07","filename":"solheur_portraits_full_07.jpg","filesize":354751,"url":"https:\/\/solheure.ch\/app\/uploads\/2025\/05\/solheur_portraits_full_07.jpg","link":"https:\/\/solheure.ch\/fr\/nous\/solheur_portraits_full_07-2\/","alt":"","author":"1","description":"","caption":"","name":"solheur_portraits_full_07-2","status":"inherit","uploaded_to":3669,"date":"2025-05-14 13:53:00","modified":"2025-05-14 13:53:00","menu_order":0,"mime_type":"image\/jpeg","type":"image","subtype":"jpeg","icon":"https:\/\/solheure.ch\/wp\/wp-includes\/images\/media\/default.png","width":1706,"height":2560,"sizes":{"thumbnail":"https:\/\/solheure.ch\/app\/uploads\/2025\/05\/solheur_portraits_full_07-150x150.jpg","thumbnail-width":150,"thumbnail-height":150,"medium":"https:\/\/solheure.ch\/app\/uploads\/2025\/05\/solheur_portraits_full_07-200x300.jpg","medium-width":200,"medium-height":300,"medium_large":"https:\/\/solheure.ch\/app\/uploads\/2025\/05\/solheur_portraits_full_07-768x1152.jpg","medium_large-width":768,"medium_large-height":1152,"large":"https:\/\/solheure.ch\/app\/uploads\/2025\/05\/solheur_portraits_full_07-682x1024.jpg","large-width":682,"large-height":1024,"1536x1536":"https:\/\/solheure.ch\/app\/uploads\/2025\/05\/solheur_portraits_full_07-1024x1536.jpg","1536x1536-width":1024,"1536x1536-height":1536,"2048x2048":"https:\/\/solheure.ch\/app\/uploads\/2025\/05\/solheur_portraits_full_07-1365x2048.jpg","2048x2048-width":1365,"2048x2048-height":2048}}},"text":""},{"image":{"ID":5792,"id":5792,"title":"solheur_portraits_full_02-aspect-ratio-1440-609","filename":"solheur_portraits_full_02-aspect-ratio-1440-609-2.jpg","filesize":196552,"url":"https:\/\/solheure.ch\/app\/uploads\/2025\/05\/solheur_portraits_full_02-aspect-ratio-1440-609-2.jpg","link":"https:\/\/solheure.ch\/fr\/nous\/solheur_portraits_full_02-aspect-ratio-1440-609\/","alt":"","author":"1","description":"","caption":"","name":"solheur_portraits_full_02-aspect-ratio-1440-609","status":"inherit","uploaded_to":3669,"date":"2025-05-16 15:45:51","modified":"2025-05-16 15:46:05","menu_order":0,"mime_type":"image\/jpeg","type":"image","subtype":"jpeg","icon":"https:\/\/solheure.ch\/wp\/wp-includes\/images\/media\/default.png","width":1707,"height":722,"sizes":{"thumbnail":"https:\/\/solheure.ch\/app\/uploads\/2025\/05\/solheur_portraits_full_02-aspect-ratio-1440-609-2-150x150.jpg","thumbnail-width":150,"thumbnail-height":150,"medium":"https:\/\/solheure.ch\/app\/uploads\/2025\/05\/solheur_portraits_full_02-aspect-ratio-1440-609-2-300x127.jpg","medium-width":300,"medium-height":127,"medium_large":"https:\/\/solheure.ch\/app\/uploads\/2025\/05\/solheur_portraits_full_02-aspect-ratio-1440-609-2-768x325.jpg","medium_large-width":768,"medium_large-height":325,"large":"https:\/\/solheure.ch\/app\/uploads\/2025\/05\/solheur_portraits_full_02-aspect-ratio-1440-609-2-1024x433.jpg","large-width":1024,"large-height":433,"1536x1536":"https:\/\/solheure.ch\/app\/uploads\/2025\/05\/solheur_portraits_full_02-aspect-ratio-1440-609-2-1536x650.jpg","1536x1536-width":1536,"1536x1536-height":650,"2048x2048":"https:\/\/solheure.ch\/app\/uploads\/2025\/05\/solheur_portraits_full_02-aspect-ratio-1440-609-2.jpg","2048x2048-width":1707,"2048x2048-height":722},"original_image":{"ID":5244,"id":5244,"title":"solheur_portraits_full_02","filename":"solheur_portraits_full_02.jpg","filesize":487107,"url":"https:\/\/solheure.ch\/app\/uploads\/2025\/05\/solheur_portraits_full_02.jpg","link":"https:\/\/solheure.ch\/fr\/nous\/solheur_portraits_full_02-2\/","alt":"","author":"1","description":"","caption":"","name":"solheur_portraits_full_02-2","status":"inherit","uploaded_to":3669,"date":"2025-05-14 13:53:30","modified":"2025-05-14 13:53:30","menu_order":0,"mime_type":"image\/jpeg","type":"image","subtype":"jpeg","icon":"https:\/\/solheure.ch\/wp\/wp-includes\/images\/media\/default.png","width":1707,"height":2560,"sizes":{"thumbnail":"https:\/\/solheure.ch\/app\/uploads\/2025\/05\/solheur_portraits_full_02-150x150.jpg","thumbnail-width":150,"thumbnail-height":150,"medium":"https:\/\/solheure.ch\/app\/uploads\/2025\/05\/solheur_portraits_full_02-200x300.jpg","medium-width":200,"medium-height":300,"medium_large":"https:\/\/solheure.ch\/app\/uploads\/2025\/05\/solheur_portraits_full_02-768x1152.jpg","medium_large-width":768,"medium_large-height":1152,"large":"https:\/\/solheure.ch\/app\/uploads\/2025\/05\/solheur_portraits_full_02-683x1024.jpg","large-width":683,"large-height":1024,"1536x1536":"https:\/\/solheure.ch\/app\/uploads\/2025\/05\/solheur_portraits_full_02-1024x1536.jpg","1536x1536-width":1024,"1536x1536-height":1536,"2048x2048":"https:\/\/solheure.ch\/app\/uploads\/2025\/05\/solheur_portraits_full_02-1366x2048.jpg","2048x2048-width":1366,"2048x2048-height":2048}}},"image-mobile":{"ID":5795,"id":5795,"title":"solheur_portraits_full_02-aspect-ratio-375-192","filename":"solheur_portraits_full_02-aspect-ratio-375-192-2.jpg","filesize":278481,"url":"https:\/\/solheure.ch\/app\/uploads\/2025\/05\/solheur_portraits_full_02-aspect-ratio-375-192-2.jpg","link":"https:\/\/solheure.ch\/fr\/nous\/solheur_portraits_full_02-aspect-ratio-375-192\/","alt":"","author":"1","description":"","caption":"","name":"solheur_portraits_full_02-aspect-ratio-375-192","status":"inherit","uploaded_to":3669,"date":"2025-05-16 15:45:59","modified":"2025-05-16 15:46:05","menu_order":0,"mime_type":"image\/jpeg","type":"image","subtype":"jpeg","icon":"https:\/\/solheure.ch\/wp\/wp-includes\/images\/media\/default.png","width":1707,"height":874,"sizes":{"thumbnail":"https:\/\/solheure.ch\/app\/uploads\/2025\/05\/solheur_portraits_full_02-aspect-ratio-375-192-2-150x150.jpg","thumbnail-width":150,"thumbnail-height":150,"medium":"https:\/\/solheure.ch\/app\/uploads\/2025\/05\/solheur_portraits_full_02-aspect-ratio-375-192-2-300x154.jpg","medium-width":300,"medium-height":154,"medium_large":"https:\/\/solheure.ch\/app\/uploads\/2025\/05\/solheur_portraits_full_02-aspect-ratio-375-192-2-768x393.jpg","medium_large-width":768,"medium_large-height":393,"large":"https:\/\/solheure.ch\/app\/uploads\/2025\/05\/solheur_portraits_full_02-aspect-ratio-375-192-2-1024x524.jpg","large-width":1024,"large-height":524,"1536x1536":"https:\/\/solheure.ch\/app\/uploads\/2025\/05\/solheur_portraits_full_02-aspect-ratio-375-192-2-1536x786.jpg","1536x1536-width":1536,"1536x1536-height":786,"2048x2048":"https:\/\/solheure.ch\/app\/uploads\/2025\/05\/solheur_portraits_full_02-aspect-ratio-375-192-2.jpg","2048x2048-width":1707,"2048x2048-height":874},"original_image":{"ID":5244,"id":5244,"title":"solheur_portraits_full_02","filename":"solheur_portraits_full_02.jpg","filesize":487107,"url":"https:\/\/solheure.ch\/app\/uploads\/2025\/05\/solheur_portraits_full_02.jpg","link":"https:\/\/solheure.ch\/fr\/nous\/solheur_portraits_full_02-2\/","alt":"","author":"1","description":"","caption":"","name":"solheur_portraits_full_02-2","status":"inherit","uploaded_to":3669,"date":"2025-05-14 13:53:30","modified":"2025-05-14 13:53:30","menu_order":0,"mime_type":"image\/jpeg","type":"image","subtype":"jpeg","icon":"https:\/\/solheure.ch\/wp\/wp-includes\/images\/media\/default.png","width":1707,"height":2560,"sizes":{"thumbnail":"https:\/\/solheure.ch\/app\/uploads\/2025\/05\/solheur_portraits_full_02-150x150.jpg","thumbnail-width":150,"thumbnail-height":150,"medium":"https:\/\/solheure.ch\/app\/uploads\/2025\/05\/solheur_portraits_full_02-200x300.jpg","medium-width":200,"medium-height":300,"medium_large":"https:\/\/solheure.ch\/app\/uploads\/2025\/05\/solheur_portraits_full_02-768x1152.jpg","medium_large-width":768,"medium_large-height":1152,"large":"https:\/\/solheure.ch\/app\/uploads\/2025\/05\/solheur_portraits_full_02-683x1024.jpg","large-width":683,"large-height":1024,"1536x1536":"https:\/\/solheure.ch\/app\/uploads\/2025\/05\/solheur_portraits_full_02-1024x1536.jpg","1536x1536-width":1024,"1536x1536-height":1536,"2048x2048":"https:\/\/solheure.ch\/app\/uploads\/2025\/05\/solheur_portraits_full_02-1366x2048.jpg","2048x2048-width":1366,"2048x2048-height":2048}}},"text":""}]}}]},"seo":{"active":true,"title":"","text":"","image":false,"keywords":""},"subpage_entry":{"title":"<h1>Nous<\/h1>\n","text-sections":[{"subtitle":"","text":"<p><span style=\"font-weight: 400;\">Le Solheure a vu le jour dans le cadre d\u2019une initiative d\u2019\u00e9tudiants du secteur de l\u2019h\u00f4tellerie souhaitant cr\u00e9er un \u00e9tablissement \u00e9ph\u00e9m\u00e8re. En 2002, il est devenu le deuxi\u00e8me \u00e9tablissement de la coop\u00e9rative Baseltor. Tout comme le Solheure, cette coop\u00e9rative faisant figure de pr\u00e9curseur dans la r\u00e9affectation des berges de l\u2019Aar donne le ton depuis plus de 40\u00a0ans dans l\u2019univers de la restauration et de la culture soleuroises.<\/span><\/p>\n"},{"subtitle":"Vos h\u00f4tes","text":"<p><span style=\"font-weight: 400;\">Sabrina Knittel, directrice du Solheure, ainsi que sa jeune \u00e9quipe vous souhaitent la bienvenue. Sabrina est \u00e0 votre \u00e9coute pour r\u00e9pondre \u00e0 toutes vos questions et r\u00e9aliser vos projets d\u2019\u00e9v\u00e9nements. Envie d\u2019organiser un ap\u00e9ritif ou une f\u00eate? Alors, contactez directement Kathrin de notre \u00e9quipe Ev\u00e9nementiel.<\/span><\/p>\n"}],"link-lists":false,"image-element":{"image":false,"caption":""}},"subpage_elements":{"elements":[{"acf_fc_layout":"link-teaser","link-teaser":{"":null,"teaser_per_row":false,"lead":"","teasers":[{"tagline":"Co-direction","title":"Sabrina","image":{"ID":5777,"id":5777,"title":"solheur_portraits_full_04-1-aspect-ratio-509-352","filename":"solheur_portraits_full_04-1-aspect-ratio-509-352-3.jpg","filesize":312329,"url":"https:\/\/solheure.ch\/app\/uploads\/2025\/05\/solheur_portraits_full_04-1-aspect-ratio-509-352-3.jpg","link":"https:\/\/solheure.ch\/fr\/nous\/solheur_portraits_full_04-1-aspect-ratio-509-352\/","alt":"","author":"1","description":"","caption":"","name":"solheur_portraits_full_04-1-aspect-ratio-509-352","status":"inherit","uploaded_to":3669,"date":"2025-05-16 15:42:22","modified":"2025-05-16 15:46:04","menu_order":0,"mime_type":"image\/jpeg","type":"image","subtype":"jpeg","icon":"https:\/\/solheure.ch\/wp\/wp-includes\/images\/media\/default.png","width":1247,"height":862,"sizes":{"thumbnail":"https:\/\/solheure.ch\/app\/uploads\/2025\/05\/solheur_portraits_full_04-1-aspect-ratio-509-352-3-150x150.jpg","thumbnail-width":150,"thumbnail-height":150,"medium":"https:\/\/solheure.ch\/app\/uploads\/2025\/05\/solheur_portraits_full_04-1-aspect-ratio-509-352-3-300x207.jpg","medium-width":300,"medium-height":207,"medium_large":"https:\/\/solheure.ch\/app\/uploads\/2025\/05\/solheur_portraits_full_04-1-aspect-ratio-509-352-3-768x531.jpg","medium_large-width":768,"medium_large-height":531,"large":"https:\/\/solheure.ch\/app\/uploads\/2025\/05\/solheur_portraits_full_04-1-aspect-ratio-509-352-3-1024x708.jpg","large-width":1024,"large-height":708,"1536x1536":"https:\/\/solheure.ch\/app\/uploads\/2025\/05\/solheur_portraits_full_04-1-aspect-ratio-509-352-3.jpg","1536x1536-width":1247,"1536x1536-height":862,"2048x2048":"https:\/\/solheure.ch\/app\/uploads\/2025\/05\/solheur_portraits_full_04-1-aspect-ratio-509-352-3.jpg","2048x2048-width":1247,"2048x2048-height":862},"original_image":{"ID":5217,"id":5217,"title":"solheur_portraits_full_04","filename":"solheur_portraits_full_04-1.jpg","filesize":594986,"url":"https:\/\/solheure.ch\/app\/uploads\/2025\/05\/solheur_portraits_full_04-1.jpg","link":"https:\/\/solheure.ch\/fr\/nous\/solheur_portraits_full_04-2-2\/","alt":"","author":"1","description":"","caption":"","name":"solheur_portraits_full_04-2-2","status":"inherit","uploaded_to":3669,"date":"2025-05-14 13:44:23","modified":"2025-05-14 13:44:23","menu_order":0,"mime_type":"image\/jpeg","type":"image","subtype":"jpeg","icon":"https:\/\/solheure.ch\/wp\/wp-includes\/images\/media\/default.png","width":1707,"height":2560,"sizes":{"thumbnail":"https:\/\/solheure.ch\/app\/uploads\/2025\/05\/solheur_portraits_full_04-1-150x150.jpg","thumbnail-width":150,"thumbnail-height":150,"medium":"https:\/\/solheure.ch\/app\/uploads\/2025\/05\/solheur_portraits_full_04-1-200x300.jpg","medium-width":200,"medium-height":300,"medium_large":"https:\/\/solheure.ch\/app\/uploads\/2025\/05\/solheur_portraits_full_04-1-768x1152.jpg","medium_large-width":768,"medium_large-height":1152,"large":"https:\/\/solheure.ch\/app\/uploads\/2025\/05\/solheur_portraits_full_04-1-683x1024.jpg","large-width":683,"large-height":1024,"1536x1536":"https:\/\/solheure.ch\/app\/uploads\/2025\/05\/solheur_portraits_full_04-1-1024x1536.jpg","1536x1536-width":1024,"1536x1536-height":1536,"2048x2048":"https:\/\/solheure.ch\/app\/uploads\/2025\/05\/solheur_portraits_full_04-1-1366x2048.jpg","2048x2048-width":1366,"2048x2048-height":2048}}},"text":"<p>Sabrina, co-directrice de Solheure, te souhaite la bienvenue avec sa jeune \u00e9quipe de collaborateurs \u00e0 temps plein et \u00e0 temps partiel.<\/p>\n","link":{"title":"E-Mail","url":"mailto:knittel@solheure.ch","target":""}},{"tagline":"Co-direction","title":"Mathias","image":{"ID":5780,"id":5780,"title":"solheur_portraits_full_05-aspect-ratio-509-352","filename":"solheur_portraits_full_05-aspect-ratio-509-352-3.jpg","filesize":169812,"url":"https:\/\/solheure.ch\/app\/uploads\/2025\/05\/solheur_portraits_full_05-aspect-ratio-509-352-3.jpg","link":"https:\/\/solheure.ch\/fr\/nous\/solheur_portraits_full_05-aspect-ratio-509-352\/","alt":"","author":"1","description":"","caption":"","name":"solheur_portraits_full_05-aspect-ratio-509-352","status":"inherit","uploaded_to":3669,"date":"2025-05-16 15:43:35","modified":"2025-05-16 15:46:04","menu_order":0,"mime_type":"image\/jpeg","type":"image","subtype":"jpeg","icon":"https:\/\/solheure.ch\/wp\/wp-includes\/images\/media\/default.png","width":1310,"height":906,"sizes":{"thumbnail":"https:\/\/solheure.ch\/app\/uploads\/2025\/05\/solheur_portraits_full_05-aspect-ratio-509-352-3-150x150.jpg","thumbnail-width":150,"thumbnail-height":150,"medium":"https:\/\/solheure.ch\/app\/uploads\/2025\/05\/solheur_portraits_full_05-aspect-ratio-509-352-3-300x207.jpg","medium-width":300,"medium-height":207,"medium_large":"https:\/\/solheure.ch\/app\/uploads\/2025\/05\/solheur_portraits_full_05-aspect-ratio-509-352-3-768x531.jpg","medium_large-width":768,"medium_large-height":531,"large":"https:\/\/solheure.ch\/app\/uploads\/2025\/05\/solheur_portraits_full_05-aspect-ratio-509-352-3-1024x708.jpg","large-width":1024,"large-height":708,"1536x1536":"https:\/\/solheure.ch\/app\/uploads\/2025\/05\/solheur_portraits_full_05-aspect-ratio-509-352-3.jpg","1536x1536-width":1310,"1536x1536-height":906,"2048x2048":"https:\/\/solheure.ch\/app\/uploads\/2025\/05\/solheur_portraits_full_05-aspect-ratio-509-352-3.jpg","2048x2048-width":1310,"2048x2048-height":906},"original_image":{"ID":5223,"id":5223,"title":"solheur_portraits_full_05","filename":"solheur_portraits_full_05.jpg","filesize":320214,"url":"https:\/\/solheure.ch\/app\/uploads\/2025\/05\/solheur_portraits_full_05.jpg","link":"https:\/\/solheure.ch\/fr\/nous\/solheur_portraits_full_05-2\/","alt":"","author":"1","description":"","caption":"","name":"solheur_portraits_full_05-2","status":"inherit","uploaded_to":3669,"date":"2025-05-14 13:48:23","modified":"2025-05-14 13:48:23","menu_order":0,"mime_type":"image\/jpeg","type":"image","subtype":"jpeg","icon":"https:\/\/solheure.ch\/wp\/wp-includes\/images\/media\/default.png","width":1707,"height":2560,"sizes":{"thumbnail":"https:\/\/solheure.ch\/app\/uploads\/2025\/05\/solheur_portraits_full_05-150x150.jpg","thumbnail-width":150,"thumbnail-height":150,"medium":"https:\/\/solheure.ch\/app\/uploads\/2025\/05\/solheur_portraits_full_05-200x300.jpg","medium-width":200,"medium-height":300,"medium_large":"https:\/\/solheure.ch\/app\/uploads\/2025\/05\/solheur_portraits_full_05-768x1152.jpg","medium_large-width":768,"medium_large-height":1152,"large":"https:\/\/solheure.ch\/app\/uploads\/2025\/05\/solheur_portraits_full_05-683x1024.jpg","large-width":683,"large-height":1024,"1536x1536":"https:\/\/solheure.ch\/app\/uploads\/2025\/05\/solheur_portraits_full_05-1024x1536.jpg","1536x1536-width":1024,"1536x1536-height":1536,"2048x2048":"https:\/\/solheure.ch\/app\/uploads\/2025\/05\/solheur_portraits_full_05-1366x2048.jpg","2048x2048-width":1366,"2048x2048-height":2048}}},"text":"<p>Mathias fait partie de la codirection. Si tu as des questions, une demande ou une id\u00e9e d&#8217;\u00e9v\u00e9nement originale, tu peux t&#8217;adresser \u00e0 lui \u00e0 tout moment &#8211; m\u00eame si tu manques de sel.<\/p>\n","link":{"title":"E-Mail","url":"mailto:mueller@genossenschaft-baseltor.ch","target":""}},{"tagline":"\u00c9quipe \u00e9v\u00e9nementielle","title":"Mara","image":{"ID":5983,"id":5983,"title":"solheur_portraits_web_08-2-aspect-ratio-509-352","filename":"solheur_portraits_web_08-2-aspect-ratio-509-352-1.jpg","filesize":172416,"url":"https:\/\/solheure.ch\/app\/uploads\/2025\/09\/solheur_portraits_web_08-2-aspect-ratio-509-352-1.jpg","link":"https:\/\/solheure.ch\/fr\/nous\/solheur_portraits_web_08-2-aspect-ratio-509-352\/","alt":"","author":"1","description":"","caption":"","name":"solheur_portraits_web_08-2-aspect-ratio-509-352","status":"inherit","uploaded_to":3669,"date":"2025-09-18 13:26:34","modified":"2025-09-18 13:29:46","menu_order":0,"mime_type":"image\/jpeg","type":"image","subtype":"jpeg","icon":"https:\/\/solheure.ch\/wp\/wp-includes\/images\/media\/default.png","width":1400,"height":968,"sizes":{"thumbnail":"https:\/\/solheure.ch\/app\/uploads\/2025\/09\/solheur_portraits_web_08-2-aspect-ratio-509-352-1-150x150.jpg","thumbnail-width":150,"thumbnail-height":150,"medium":"https:\/\/solheure.ch\/app\/uploads\/2025\/09\/solheur_portraits_web_08-2-aspect-ratio-509-352-1-300x207.jpg","medium-width":300,"medium-height":207,"medium_large":"https:\/\/solheure.ch\/app\/uploads\/2025\/09\/solheur_portraits_web_08-2-aspect-ratio-509-352-1-768x531.jpg","medium_large-width":768,"medium_large-height":531,"large":"https:\/\/solheure.ch\/app\/uploads\/2025\/09\/solheur_portraits_web_08-2-aspect-ratio-509-352-1-1024x708.jpg","large-width":1024,"large-height":708,"1536x1536":"https:\/\/solheure.ch\/app\/uploads\/2025\/09\/solheur_portraits_web_08-2-aspect-ratio-509-352-1.jpg","1536x1536-width":1400,"1536x1536-height":968,"2048x2048":"https:\/\/solheure.ch\/app\/uploads\/2025\/09\/solheur_portraits_web_08-2-aspect-ratio-509-352-1.jpg","2048x2048-width":1400,"2048x2048-height":968},"original_image":{"ID":5971,"id":5971,"title":"solheur_portraits_web_08","filename":"solheur_portraits_web_08-2.jpg","filesize":518059,"url":"https:\/\/solheure.ch\/app\/uploads\/2025\/09\/solheur_portraits_web_08-2.jpg","link":"https:\/\/solheure.ch\/fr\/nous\/solheur_portraits_web_08-3-2\/","alt":"","author":"1","description":"","caption":"","name":"solheur_portraits_web_08-3-2","status":"inherit","uploaded_to":3669,"date":"2025-09-18 13:18:42","modified":"2025-09-18 13:18:42","menu_order":0,"mime_type":"image\/jpeg","type":"image","subtype":"jpeg","icon":"https:\/\/solheure.ch\/wp\/wp-includes\/images\/media\/default.png","width":1400,"height":2100,"sizes":{"thumbnail":"https:\/\/solheure.ch\/app\/uploads\/2025\/09\/solheur_portraits_web_08-2-150x150.jpg","thumbnail-width":150,"thumbnail-height":150,"medium":"https:\/\/solheure.ch\/app\/uploads\/2025\/09\/solheur_portraits_web_08-2-200x300.jpg","medium-width":200,"medium-height":300,"medium_large":"https:\/\/solheure.ch\/app\/uploads\/2025\/09\/solheur_portraits_web_08-2-768x1152.jpg","medium_large-width":768,"medium_large-height":1152,"large":"https:\/\/solheure.ch\/app\/uploads\/2025\/09\/solheur_portraits_web_08-2-683x1024.jpg","large-width":683,"large-height":1024,"1536x1536":"https:\/\/solheure.ch\/app\/uploads\/2025\/09\/solheur_portraits_web_08-2-1024x1536.jpg","1536x1536-width":1024,"1536x1536-height":1536,"2048x2048":"https:\/\/solheure.ch\/app\/uploads\/2025\/09\/solheur_portraits_web_08-2-1365x2048.jpg","2048x2048-width":1365,"2048x2048-height":2048}}},"text":"<p>Mara est notre responsable d&#8217;\u00e9v\u00e9nements. Elle planifie ton \u00e9v\u00e9nement avec son \u00e9quipe, pr\u00e9pare tout avec d\u00e9vouement et r\u00e9alise l&#8217;\u00e9v\u00e9nement selon tes souhaits.<\/p>\n","link":{"title":"E-Mail","url":"mailto:apero@solheure.ch","target":""}},{"tagline":"\u00c9quipe \u00e9v\u00e9nementielle","title":"Seraina","image":{"ID":5986,"id":5986,"title":"solheur_portraits_web_10-1-scaled-aspect-ratio-509-352","filename":"solheur_portraits_web_10-1-scaled-aspect-ratio-509-352-1.jpg","filesize":455348,"url":"https:\/\/solheure.ch\/app\/uploads\/2025\/09\/solheur_portraits_web_10-1-scaled-aspect-ratio-509-352-1.jpg","link":"https:\/\/solheure.ch\/fr\/nous\/solheur_portraits_web_10-1-scaled-aspect-ratio-509-352\/","alt":"","author":"1","description":"","caption":"","name":"solheur_portraits_web_10-1-scaled-aspect-ratio-509-352","status":"inherit","uploaded_to":3669,"date":"2025-09-18 13:27:26","modified":"2025-09-18 13:29:46","menu_order":0,"mime_type":"image\/jpeg","type":"image","subtype":"jpeg","icon":"https:\/\/solheure.ch\/wp\/wp-includes\/images\/media\/default.png","width":2000,"height":1382,"sizes":{"thumbnail":"https:\/\/solheure.ch\/app\/uploads\/2025\/09\/solheur_portraits_web_10-1-scaled-aspect-ratio-509-352-1-150x150.jpg","thumbnail-width":150,"thumbnail-height":150,"medium":"https:\/\/solheure.ch\/app\/uploads\/2025\/09\/solheur_portraits_web_10-1-scaled-aspect-ratio-509-352-1-300x207.jpg","medium-width":300,"medium-height":207,"medium_large":"https:\/\/solheure.ch\/app\/uploads\/2025\/09\/solheur_portraits_web_10-1-scaled-aspect-ratio-509-352-1-768x531.jpg","medium_large-width":768,"medium_large-height":531,"large":"https:\/\/solheure.ch\/app\/uploads\/2025\/09\/solheur_portraits_web_10-1-scaled-aspect-ratio-509-352-1-1024x708.jpg","large-width":1024,"large-height":708,"1536x1536":"https:\/\/solheure.ch\/app\/uploads\/2025\/09\/solheur_portraits_web_10-1-scaled-aspect-ratio-509-352-1-1536x1061.jpg","1536x1536-width":1536,"1536x1536-height":1061,"2048x2048":"https:\/\/solheure.ch\/app\/uploads\/2025\/09\/solheur_portraits_web_10-1-scaled-aspect-ratio-509-352-1.jpg","2048x2048-width":2000,"2048x2048-height":1382},"original_image":{"ID":5962,"id":5962,"title":"solheur_portraits_web_10","filename":"solheur_portraits_web_10-1-scaled.jpg","filesize":535727,"url":"https:\/\/solheure.ch\/app\/uploads\/2025\/09\/solheur_portraits_web_10-1-scaled.jpg","link":"https:\/\/solheure.ch\/fr\/nous\/solheur_portraits_web_10-2-2\/","alt":"","author":"1","description":"","caption":"","name":"solheur_portraits_web_10-2-2","status":"inherit","uploaded_to":3669,"date":"2025-09-18 13:17:42","modified":"2025-09-18 13:17:42","menu_order":0,"mime_type":"image\/jpeg","type":"image","subtype":"jpeg","icon":"https:\/\/solheure.ch\/wp\/wp-includes\/images\/media\/default.png","width":1707,"height":2560,"sizes":{"thumbnail":"https:\/\/solheure.ch\/app\/uploads\/2025\/09\/solheur_portraits_web_10-1-150x150.jpg","thumbnail-width":150,"thumbnail-height":150,"medium":"https:\/\/solheure.ch\/app\/uploads\/2025\/09\/solheur_portraits_web_10-1-200x300.jpg","medium-width":200,"medium-height":300,"medium_large":"https:\/\/solheure.ch\/app\/uploads\/2025\/09\/solheur_portraits_web_10-1-768x1152.jpg","medium_large-width":768,"medium_large-height":1152,"large":"https:\/\/solheure.ch\/app\/uploads\/2025\/09\/solheur_portraits_web_10-1-683x1024.jpg","large-width":683,"large-height":1024,"1536x1536":"https:\/\/solheure.ch\/app\/uploads\/2025\/09\/solheur_portraits_web_10-1-1024x1536.jpg","1536x1536-width":1024,"1536x1536-height":1536,"2048x2048":"https:\/\/solheure.ch\/app\/uploads\/2025\/09\/solheur_portraits_web_10-1-1365x2048.jpg","2048x2048-width":1365,"2048x2048-height":2048}}},"text":"<p>Seraina apporte une touche de fra\u00eecheur \u00e0 Solheure. Elle d\u00e9core avec beaucoup d&#8217;attention, sert avec le sourire et s&#8217;occupe chaleureusement des souhaits des invit\u00e9s &#8211; pour que ton \u00e9v\u00e9nement soit inoubliable.<\/p>\n","link":{"title":"E-Mail","url":"mailto:apero@solheure.ch","target":"_blank"}},{"tagline":"\u00c9quipe \u00e9v\u00e9nementielle","title":"Nicole","image":{"ID":5783,"id":5783,"title":"solheur_portraits_full_01-aspect-ratio-509-352","filename":"solheur_portraits_full_01-aspect-ratio-509-352-3.jpg","filesize":246126,"url":"https:\/\/solheure.ch\/app\/uploads\/2025\/05\/solheur_portraits_full_01-aspect-ratio-509-352-3.jpg","link":"https:\/\/solheure.ch\/fr\/nous\/solheur_portraits_full_01-aspect-ratio-509-352\/","alt":"","author":"1","description":"","caption":"","name":"solheur_portraits_full_01-aspect-ratio-509-352","status":"inherit","uploaded_to":3669,"date":"2025-05-16 15:44:50","modified":"2025-05-16 15:46:05","menu_order":0,"mime_type":"image\/jpeg","type":"image","subtype":"jpeg","icon":"https:\/\/solheure.ch\/wp\/wp-includes\/images\/media\/default.png","width":1707,"height":1180,"sizes":{"thumbnail":"https:\/\/solheure.ch\/app\/uploads\/2025\/05\/solheur_portraits_full_01-aspect-ratio-509-352-3-150x150.jpg","thumbnail-width":150,"thumbnail-height":150,"medium":"https:\/\/solheure.ch\/app\/uploads\/2025\/05\/solheur_portraits_full_01-aspect-ratio-509-352-3-300x207.jpg","medium-width":300,"medium-height":207,"medium_large":"https:\/\/solheure.ch\/app\/uploads\/2025\/05\/solheur_portraits_full_01-aspect-ratio-509-352-3-768x531.jpg","medium_large-width":768,"medium_large-height":531,"large":"https:\/\/solheure.ch\/app\/uploads\/2025\/05\/solheur_portraits_full_01-aspect-ratio-509-352-3-1024x708.jpg","large-width":1024,"large-height":708,"1536x1536":"https:\/\/solheure.ch\/app\/uploads\/2025\/05\/solheur_portraits_full_01-aspect-ratio-509-352-3-1536x1062.jpg","1536x1536-width":1536,"1536x1536-height":1062,"2048x2048":"https:\/\/solheure.ch\/app\/uploads\/2025\/05\/solheur_portraits_full_01-aspect-ratio-509-352-3.jpg","2048x2048-width":1707,"2048x2048-height":1180},"original_image":{"ID":5318,"id":5318,"title":"solheur_portraits_full_01","filename":"solheur_portraits_full_01.jpg","filesize":292526,"url":"https:\/\/solheure.ch\/app\/uploads\/2025\/05\/solheur_portraits_full_01.jpg","link":"https:\/\/solheure.ch\/fr\/nous\/solheur_portraits_full_01-2\/","alt":"","author":"1","description":"","caption":"","name":"solheur_portraits_full_01-2","status":"inherit","uploaded_to":3669,"date":"2025-05-14 14:53:05","modified":"2025-05-14 14:53:05","menu_order":0,"mime_type":"image\/jpeg","type":"image","subtype":"jpeg","icon":"https:\/\/solheure.ch\/wp\/wp-includes\/images\/media\/default.png","width":1707,"height":2560,"sizes":{"thumbnail":"https:\/\/solheure.ch\/app\/uploads\/2025\/05\/solheur_portraits_full_01-150x150.jpg","thumbnail-width":150,"thumbnail-height":150,"medium":"https:\/\/solheure.ch\/app\/uploads\/2025\/05\/solheur_portraits_full_01-200x300.jpg","medium-width":200,"medium-height":300,"medium_large":"https:\/\/solheure.ch\/app\/uploads\/2025\/05\/solheur_portraits_full_01-768x1152.jpg","medium_large-width":768,"medium_large-height":1152,"large":"https:\/\/solheure.ch\/app\/uploads\/2025\/05\/solheur_portraits_full_01-683x1024.jpg","large-width":683,"large-height":1024,"1536x1536":"https:\/\/solheure.ch\/app\/uploads\/2025\/05\/solheur_portraits_full_01-1024x1536.jpg","1536x1536-width":1024,"1536x1536-height":1536,"2048x2048":"https:\/\/solheure.ch\/app\/uploads\/2025\/05\/solheur_portraits_full_01-1366x2048.jpg","2048x2048-width":1366,"2048x2048-height":2048}}},"text":"<p>Nicole est une habitu\u00e9e de Solheure et veille en coulisses, avec Mara, la chef ap\u00e9ro, au bon d\u00e9roulement de ton \u00e9v\u00e9nement \u00e0 Solheure.<\/p>\n","link":{"title":"E-Mail","url":"mailto:apero@solheure.ch","target":""}},{"tagline":"\u00c9quipe \u00e9v\u00e9nementielle","title":"Fabio","image":{"ID":5989,"id":5989,"title":"solheur_portraits_web_09-1-scaled-aspect-ratio-509-352","filename":"solheur_portraits_web_09-1-scaled-aspect-ratio-509-352-1.jpg","filesize":264094,"url":"https:\/\/solheure.ch\/app\/uploads\/2025\/09\/solheur_portraits_web_09-1-scaled-aspect-ratio-509-352-1.jpg","link":"https:\/\/solheure.ch\/fr\/nous\/solheur_portraits_web_09-1-scaled-aspect-ratio-509-352\/","alt":"","author":"1","description":"","caption":"","name":"solheur_portraits_web_09-1-scaled-aspect-ratio-509-352","status":"inherit","uploaded_to":3669,"date":"2025-09-18 13:28:53","modified":"2025-09-18 13:29:46","menu_order":0,"mime_type":"image\/jpeg","type":"image","subtype":"jpeg","icon":"https:\/\/solheure.ch\/wp\/wp-includes\/images\/media\/default.png","width":2000,"height":1383,"sizes":{"thumbnail":"https:\/\/solheure.ch\/app\/uploads\/2025\/09\/solheur_portraits_web_09-1-scaled-aspect-ratio-509-352-1-150x150.jpg","thumbnail-width":150,"thumbnail-height":150,"medium":"https:\/\/solheure.ch\/app\/uploads\/2025\/09\/solheur_portraits_web_09-1-scaled-aspect-ratio-509-352-1-300x207.jpg","medium-width":300,"medium-height":207,"medium_large":"https:\/\/solheure.ch\/app\/uploads\/2025\/09\/solheur_portraits_web_09-1-scaled-aspect-ratio-509-352-1-768x531.jpg","medium_large-width":768,"medium_large-height":531,"large":"https:\/\/solheure.ch\/app\/uploads\/2025\/09\/solheur_portraits_web_09-1-scaled-aspect-ratio-509-352-1-1024x708.jpg","large-width":1024,"large-height":708,"1536x1536":"https:\/\/solheure.ch\/app\/uploads\/2025\/09\/solheur_portraits_web_09-1-scaled-aspect-ratio-509-352-1-1536x1062.jpg","1536x1536-width":1536,"1536x1536-height":1062,"2048x2048":"https:\/\/solheure.ch\/app\/uploads\/2025\/09\/solheur_portraits_web_09-1-scaled-aspect-ratio-509-352-1.jpg","2048x2048-width":2000,"2048x2048-height":1383},"original_image":{"ID":5965,"id":5965,"title":"solheur_portraits_web_09","filename":"solheur_portraits_web_09-1-scaled.jpg","filesize":285658,"url":"https:\/\/solheure.ch\/app\/uploads\/2025\/09\/solheur_portraits_web_09-1-scaled.jpg","link":"https:\/\/solheure.ch\/fr\/nous\/solheur_portraits_web_09-2-2\/","alt":"","author":"1","description":"","caption":"","name":"solheur_portraits_web_09-2-2","status":"inherit","uploaded_to":3669,"date":"2025-09-18 13:17:47","modified":"2025-09-18 13:17:47","menu_order":0,"mime_type":"image\/jpeg","type":"image","subtype":"jpeg","icon":"https:\/\/solheure.ch\/wp\/wp-includes\/images\/media\/default.png","width":1707,"height":2560,"sizes":{"thumbnail":"https:\/\/solheure.ch\/app\/uploads\/2025\/09\/solheur_portraits_web_09-1-150x150.jpg","thumbnail-width":150,"thumbnail-height":150,"medium":"https:\/\/solheure.ch\/app\/uploads\/2025\/09\/solheur_portraits_web_09-1-200x300.jpg","medium-width":200,"medium-height":300,"medium_large":"https:\/\/solheure.ch\/app\/uploads\/2025\/09\/solheur_portraits_web_09-1-768x1152.jpg","medium_large-width":768,"medium_large-height":1152,"large":"https:\/\/solheure.ch\/app\/uploads\/2025\/09\/solheur_portraits_web_09-1-683x1024.jpg","large-width":683,"large-height":1024,"1536x1536":"https:\/\/solheure.ch\/app\/uploads\/2025\/09\/solheur_portraits_web_09-1-1024x1536.jpg","1536x1536-width":1024,"1536x1536-height":1536,"2048x2048":"https:\/\/solheure.ch\/app\/uploads\/2025\/09\/solheur_portraits_web_09-1-1365x2048.jpg","2048x2048-width":1365,"2048x2048-height":2048}}},"text":"<p>Fabio met toute son exp\u00e9rience et son engagement au service de ton \u00e9v\u00e9nement pour qu&#8217;il se d\u00e9roule sans accroc. Que ce soit pour le montage, le d\u00e9montage ou la technique, il met la main \u00e0 la p\u00e2te et garde son calme m\u00eame lorsque les choses se pr\u00e9cipitent.<\/p>\n","link":{"title":"E-Mail","url":"mailto:apero@solheure.ch","target":"_blank"}}]}},{"acf_fc_layout":"image-slider","image-slider":{"images":[{"image":{"ID":5786,"id":5786,"title":"solheur_portraits_full_07-aspect-ratio-1440-609","filename":"solheur_portraits_full_07-aspect-ratio-1440-609-2.jpg","filesize":172280,"url":"https:\/\/solheure.ch\/app\/uploads\/2025\/05\/solheur_portraits_full_07-aspect-ratio-1440-609-2.jpg","link":"https:\/\/solheure.ch\/fr\/nous\/solheur_portraits_full_07-aspect-ratio-1440-609\/","alt":"","author":"1","description":"","caption":"","name":"solheur_portraits_full_07-aspect-ratio-1440-609","status":"inherit","uploaded_to":3669,"date":"2025-05-16 15:45:22","modified":"2025-05-16 15:46:05","menu_order":0,"mime_type":"image\/jpeg","type":"image","subtype":"jpeg","icon":"https:\/\/solheure.ch\/wp\/wp-includes\/images\/media\/default.png","width":1706,"height":722,"sizes":{"thumbnail":"https:\/\/solheure.ch\/app\/uploads\/2025\/05\/solheur_portraits_full_07-aspect-ratio-1440-609-2-150x150.jpg","thumbnail-width":150,"thumbnail-height":150,"medium":"https:\/\/solheure.ch\/app\/uploads\/2025\/05\/solheur_portraits_full_07-aspect-ratio-1440-609-2-300x127.jpg","medium-width":300,"medium-height":127,"medium_large":"https:\/\/solheure.ch\/app\/uploads\/2025\/05\/solheur_portraits_full_07-aspect-ratio-1440-609-2-768x325.jpg","medium_large-width":768,"medium_large-height":325,"large":"https:\/\/solheure.ch\/app\/uploads\/2025\/05\/solheur_portraits_full_07-aspect-ratio-1440-609-2-1024x433.jpg","large-width":1024,"large-height":433,"1536x1536":"https:\/\/solheure.ch\/app\/uploads\/2025\/05\/solheur_portraits_full_07-aspect-ratio-1440-609-2-1536x650.jpg","1536x1536-width":1536,"1536x1536-height":650,"2048x2048":"https:\/\/solheure.ch\/app\/uploads\/2025\/05\/solheur_portraits_full_07-aspect-ratio-1440-609-2.jpg","2048x2048-width":1706,"2048x2048-height":722},"original_image":{"ID":5235,"id":5235,"title":"solheur_portraits_full_07","filename":"solheur_portraits_full_07.jpg","filesize":354751,"url":"https:\/\/solheure.ch\/app\/uploads\/2025\/05\/solheur_portraits_full_07.jpg","link":"https:\/\/solheure.ch\/fr\/nous\/solheur_portraits_full_07-2\/","alt":"","author":"1","description":"","caption":"","name":"solheur_portraits_full_07-2","status":"inherit","uploaded_to":3669,"date":"2025-05-14 13:53:00","modified":"2025-05-14 13:53:00","menu_order":0,"mime_type":"image\/jpeg","type":"image","subtype":"jpeg","icon":"https:\/\/solheure.ch\/wp\/wp-includes\/images\/media\/default.png","width":1706,"height":2560,"sizes":{"thumbnail":"https:\/\/solheure.ch\/app\/uploads\/2025\/05\/solheur_portraits_full_07-150x150.jpg","thumbnail-width":150,"thumbnail-height":150,"medium":"https:\/\/solheure.ch\/app\/uploads\/2025\/05\/solheur_portraits_full_07-200x300.jpg","medium-width":200,"medium-height":300,"medium_large":"https:\/\/solheure.ch\/app\/uploads\/2025\/05\/solheur_portraits_full_07-768x1152.jpg","medium_large-width":768,"medium_large-height":1152,"large":"https:\/\/solheure.ch\/app\/uploads\/2025\/05\/solheur_portraits_full_07-682x1024.jpg","large-width":682,"large-height":1024,"1536x1536":"https:\/\/solheure.ch\/app\/uploads\/2025\/05\/solheur_portraits_full_07-1024x1536.jpg","1536x1536-width":1024,"1536x1536-height":1536,"2048x2048":"https:\/\/solheure.ch\/app\/uploads\/2025\/05\/solheur_portraits_full_07-1365x2048.jpg","2048x2048-width":1365,"2048x2048-height":2048}}},"image-mobile":{"ID":5789,"id":5789,"title":"solheur_portraits_full_07-aspect-ratio-375-192","filename":"solheur_portraits_full_07-aspect-ratio-375-192-2.jpg","filesize":190348,"url":"https:\/\/solheure.ch\/app\/uploads\/2025\/05\/solheur_portraits_full_07-aspect-ratio-375-192-2.jpg","link":"https:\/\/solheure.ch\/fr\/nous\/solheur_portraits_full_07-aspect-ratio-375-192\/","alt":"","author":"1","description":"","caption":"","name":"solheur_portraits_full_07-aspect-ratio-375-192","status":"inherit","uploaded_to":3669,"date":"2025-05-16 15:45:36","modified":"2025-05-16 15:46:05","menu_order":0,"mime_type":"image\/jpeg","type":"image","subtype":"jpeg","icon":"https:\/\/solheure.ch\/wp\/wp-includes\/images\/media\/default.png","width":1706,"height":874,"sizes":{"thumbnail":"https:\/\/solheure.ch\/app\/uploads\/2025\/05\/solheur_portraits_full_07-aspect-ratio-375-192-2-150x150.jpg","thumbnail-width":150,"thumbnail-height":150,"medium":"https:\/\/solheure.ch\/app\/uploads\/2025\/05\/solheur_portraits_full_07-aspect-ratio-375-192-2-300x154.jpg","medium-width":300,"medium-height":154,"medium_large":"https:\/\/solheure.ch\/app\/uploads\/2025\/05\/solheur_portraits_full_07-aspect-ratio-375-192-2-768x393.jpg","medium_large-width":768,"medium_large-height":393,"large":"https:\/\/solheure.ch\/app\/uploads\/2025\/05\/solheur_portraits_full_07-aspect-ratio-375-192-2-1024x525.jpg","large-width":1024,"large-height":525,"1536x1536":"https:\/\/solheure.ch\/app\/uploads\/2025\/05\/solheur_portraits_full_07-aspect-ratio-375-192-2-1536x787.jpg","1536x1536-width":1536,"1536x1536-height":787,"2048x2048":"https:\/\/solheure.ch\/app\/uploads\/2025\/05\/solheur_portraits_full_07-aspect-ratio-375-192-2.jpg","2048x2048-width":1706,"2048x2048-height":874},"original_image":{"ID":5235,"id":5235,"title":"solheur_portraits_full_07","filename":"solheur_portraits_full_07.jpg","filesize":354751,"url":"https:\/\/solheure.ch\/app\/uploads\/2025\/05\/solheur_portraits_full_07.jpg","link":"https:\/\/solheure.ch\/fr\/nous\/solheur_portraits_full_07-2\/","alt":"","author":"1","description":"","caption":"","name":"solheur_portraits_full_07-2","status":"inherit","uploaded_to":3669,"date":"2025-05-14 13:53:00","modified":"2025-05-14 13:53:00","menu_order":0,"mime_type":"image\/jpeg","type":"image","subtype":"jpeg","icon":"https:\/\/solheure.ch\/wp\/wp-includes\/images\/media\/default.png","width":1706,"height":2560,"sizes":{"thumbnail":"https:\/\/solheure.ch\/app\/uploads\/2025\/05\/solheur_portraits_full_07-150x150.jpg","thumbnail-width":150,"thumbnail-height":150,"medium":"https:\/\/solheure.ch\/app\/uploads\/2025\/05\/solheur_portraits_full_07-200x300.jpg","medium-width":200,"medium-height":300,"medium_large":"https:\/\/solheure.ch\/app\/uploads\/2025\/05\/solheur_portraits_full_07-768x1152.jpg","medium_large-width":768,"medium_large-height":1152,"large":"https:\/\/solheure.ch\/app\/uploads\/2025\/05\/solheur_portraits_full_07-682x1024.jpg","large-width":682,"large-height":1024,"1536x1536":"https:\/\/solheure.ch\/app\/uploads\/2025\/05\/solheur_portraits_full_07-1024x1536.jpg","1536x1536-width":1024,"1536x1536-height":1536,"2048x2048":"https:\/\/solheure.ch\/app\/uploads\/2025\/05\/solheur_portraits_full_07-1365x2048.jpg","2048x2048-width":1365,"2048x2048-height":2048}}},"text":""},{"image":{"ID":5792,"id":5792,"title":"solheur_portraits_full_02-aspect-ratio-1440-609","filename":"solheur_portraits_full_02-aspect-ratio-1440-609-2.jpg","filesize":196552,"url":"https:\/\/solheure.ch\/app\/uploads\/2025\/05\/solheur_portraits_full_02-aspect-ratio-1440-609-2.jpg","link":"https:\/\/solheure.ch\/fr\/nous\/solheur_portraits_full_02-aspect-ratio-1440-609\/","alt":"","author":"1","description":"","caption":"","name":"solheur_portraits_full_02-aspect-ratio-1440-609","status":"inherit","uploaded_to":3669,"date":"2025-05-16 15:45:51","modified":"2025-05-16 15:46:05","menu_order":0,"mime_type":"image\/jpeg","type":"image","subtype":"jpeg","icon":"https:\/\/solheure.ch\/wp\/wp-includes\/images\/media\/default.png","width":1707,"height":722,"sizes":{"thumbnail":"https:\/\/solheure.ch\/app\/uploads\/2025\/05\/solheur_portraits_full_02-aspect-ratio-1440-609-2-150x150.jpg","thumbnail-width":150,"thumbnail-height":150,"medium":"https:\/\/solheure.ch\/app\/uploads\/2025\/05\/solheur_portraits_full_02-aspect-ratio-1440-609-2-300x127.jpg","medium-width":300,"medium-height":127,"medium_large":"https:\/\/solheure.ch\/app\/uploads\/2025\/05\/solheur_portraits_full_02-aspect-ratio-1440-609-2-768x325.jpg","medium_large-width":768,"medium_large-height":325,"large":"https:\/\/solheure.ch\/app\/uploads\/2025\/05\/solheur_portraits_full_02-aspect-ratio-1440-609-2-1024x433.jpg","large-width":1024,"large-height":433,"1536x1536":"https:\/\/solheure.ch\/app\/uploads\/2025\/05\/solheur_portraits_full_02-aspect-ratio-1440-609-2-1536x650.jpg","1536x1536-width":1536,"1536x1536-height":650,"2048x2048":"https:\/\/solheure.ch\/app\/uploads\/2025\/05\/solheur_portraits_full_02-aspect-ratio-1440-609-2.jpg","2048x2048-width":1707,"2048x2048-height":722},"original_image":{"ID":5244,"id":5244,"title":"solheur_portraits_full_02","filename":"solheur_portraits_full_02.jpg","filesize":487107,"url":"https:\/\/solheure.ch\/app\/uploads\/2025\/05\/solheur_portraits_full_02.jpg","link":"https:\/\/solheure.ch\/fr\/nous\/solheur_portraits_full_02-2\/","alt":"","author":"1","description":"","caption":"","name":"solheur_portraits_full_02-2","status":"inherit","uploaded_to":3669,"date":"2025-05-14 13:53:30","modified":"2025-05-14 13:53:30","menu_order":0,"mime_type":"image\/jpeg","type":"image","subtype":"jpeg","icon":"https:\/\/solheure.ch\/wp\/wp-includes\/images\/media\/default.png","width":1707,"height":2560,"sizes":{"thumbnail":"https:\/\/solheure.ch\/app\/uploads\/2025\/05\/solheur_portraits_full_02-150x150.jpg","thumbnail-width":150,"thumbnail-height":150,"medium":"https:\/\/solheure.ch\/app\/uploads\/2025\/05\/solheur_portraits_full_02-200x300.jpg","medium-width":200,"medium-height":300,"medium_large":"https:\/\/solheure.ch\/app\/uploads\/2025\/05\/solheur_portraits_full_02-768x1152.jpg","medium_large-width":768,"medium_large-height":1152,"large":"https:\/\/solheure.ch\/app\/uploads\/2025\/05\/solheur_portraits_full_02-683x1024.jpg","large-width":683,"large-height":1024,"1536x1536":"https:\/\/solheure.ch\/app\/uploads\/2025\/05\/solheur_portraits_full_02-1024x1536.jpg","1536x1536-width":1024,"1536x1536-height":1536,"2048x2048":"https:\/\/solheure.ch\/app\/uploads\/2025\/05\/solheur_portraits_full_02-1366x2048.jpg","2048x2048-width":1366,"2048x2048-height":2048}}},"image-mobile":{"ID":5795,"id":5795,"title":"solheur_portraits_full_02-aspect-ratio-375-192","filename":"solheur_portraits_full_02-aspect-ratio-375-192-2.jpg","filesize":278481,"url":"https:\/\/solheure.ch\/app\/uploads\/2025\/05\/solheur_portraits_full_02-aspect-ratio-375-192-2.jpg","link":"https:\/\/solheure.ch\/fr\/nous\/solheur_portraits_full_02-aspect-ratio-375-192\/","alt":"","author":"1","description":"","caption":"","name":"solheur_portraits_full_02-aspect-ratio-375-192","status":"inherit","uploaded_to":3669,"date":"2025-05-16 15:45:59","modified":"2025-05-16 15:46:05","menu_order":0,"mime_type":"image\/jpeg","type":"image","subtype":"jpeg","icon":"https:\/\/solheure.ch\/wp\/wp-includes\/images\/media\/default.png","width":1707,"height":874,"sizes":{"thumbnail":"https:\/\/solheure.ch\/app\/uploads\/2025\/05\/solheur_portraits_full_02-aspect-ratio-375-192-2-150x150.jpg","thumbnail-width":150,"thumbnail-height":150,"medium":"https:\/\/solheure.ch\/app\/uploads\/2025\/05\/solheur_portraits_full_02-aspect-ratio-375-192-2-300x154.jpg","medium-width":300,"medium-height":154,"medium_large":"https:\/\/solheure.ch\/app\/uploads\/2025\/05\/solheur_portraits_full_02-aspect-ratio-375-192-2-768x393.jpg","medium_large-width":768,"medium_large-height":393,"large":"https:\/\/solheure.ch\/app\/uploads\/2025\/05\/solheur_portraits_full_02-aspect-ratio-375-192-2-1024x524.jpg","large-width":1024,"large-height":524,"1536x1536":"https:\/\/solheure.ch\/app\/uploads\/2025\/05\/solheur_portraits_full_02-aspect-ratio-375-192-2-1536x786.jpg","1536x1536-width":1536,"1536x1536-height":786,"2048x2048":"https:\/\/solheure.ch\/app\/uploads\/2025\/05\/solheur_portraits_full_02-aspect-ratio-375-192-2.jpg","2048x2048-width":1707,"2048x2048-height":874},"original_image":{"ID":5244,"id":5244,"title":"solheur_portraits_full_02","filename":"solheur_portraits_full_02.jpg","filesize":487107,"url":"https:\/\/solheure.ch\/app\/uploads\/2025\/05\/solheur_portraits_full_02.jpg","link":"https:\/\/solheure.ch\/fr\/nous\/solheur_portraits_full_02-2\/","alt":"","author":"1","description":"","caption":"","name":"solheur_portraits_full_02-2","status":"inherit","uploaded_to":3669,"date":"2025-05-14 13:53:30","modified":"2025-05-14 13:53:30","menu_order":0,"mime_type":"image\/jpeg","type":"image","subtype":"jpeg","icon":"https:\/\/solheure.ch\/wp\/wp-includes\/images\/media\/default.png","width":1707,"height":2560,"sizes":{"thumbnail":"https:\/\/solheure.ch\/app\/uploads\/2025\/05\/solheur_portraits_full_02-150x150.jpg","thumbnail-width":150,"thumbnail-height":150,"medium":"https:\/\/solheure.ch\/app\/uploads\/2025\/05\/solheur_portraits_full_02-200x300.jpg","medium-width":200,"medium-height":300,"medium_large":"https:\/\/solheure.ch\/app\/uploads\/2025\/05\/solheur_portraits_full_02-768x1152.jpg","medium_large-width":768,"medium_large-height":1152,"large":"https:\/\/solheure.ch\/app\/uploads\/2025\/05\/solheur_portraits_full_02-683x1024.jpg","large-width":683,"large-height":1024,"1536x1536":"https:\/\/solheure.ch\/app\/uploads\/2025\/05\/solheur_portraits_full_02-1024x1536.jpg","1536x1536-width":1024,"1536x1536-height":1536,"2048x2048":"https:\/\/solheure.ch\/app\/uploads\/2025\/05\/solheur_portraits_full_02-1366x2048.jpg","2048x2048-width":1366,"2048x2048-height":2048}}},"text":""}]}}]}},"_links":{"self":[{"href":"https:\/\/solheure.ch\/fr\/wp-json\/wp\/v2\/pages\/3669","targetHints":{"allow":["GET"]}}],"collection":[{"href":"https:\/\/solheure.ch\/fr\/wp-json\/wp\/v2\/pages"}],"about":[{"href":"https:\/\/solheure.ch\/fr\/wp-json\/wp\/v2\/types\/page"}],"author":[{"embeddable":true,"href":"https:\/\/solheure.ch\/fr\/wp-json\/wp\/v2\/users\/1"}],"replies":[{"embeddable":true,"href":"https:\/\/solheure.ch\/fr\/wp-json\/wp\/v2\/comments?post=3669"}],"version-history":[{"count":7,"href":"https:\/\/solheure.ch\/fr\/wp-json\/wp\/v2\/pages\/3669\/revisions"}],"predecessor-version":[{"id":6012,"href":"https:\/\/solheure.ch\/fr\/wp-json\/wp\/v2\/pages\/3669\/revisions\/6012"}],"wp:attachment":[{"href":"https:\/\/solheure.ch\/fr\/wp-json\/wp\/v2\/media?parent=3669"}],"curies":[{"name":"wp","href":"https:\/\/api.w.org\/{rel}","templated":true}]}}